{"id":6524,"date":"2021-10-29T15:41:00","date_gmt":"2021-10-29T15:41:00","guid":{"rendered":"https:\/\/www.paucostafoundation.org\/?post_type=proyectos&#038;p=6524"},"modified":"2025-02-21T13:27:33","modified_gmt":"2025-02-21T13:27:33","slug":"jugar-amb-foc","status":"publish","type":"proyectos","link":"https:\/\/www.paucostafoundation.org\/en\/proyectos\/jugar-amb-foc\/","title":{"rendered":"Jugar amb foc"},"content":{"rendered":"\n<h2 class=\"wp-block-heading\" id=\"the-exhibition-jugar-amb-foc-at-l-espluga-del-francoli\">The exhibition <em>&#8220;Jugar amb foc&#8221;<\/em> at l&#8217;Espluga del Francol\u00ed <\/h2>\n\n\n\n<p>&#8220;Jugar amb foc&#8221; (&#8220;Play with Fire&#8221;), organized and produced by \u00a0<a href=\"https:\/\/museuvidarural.cat\/\" target=\"_blank\" rel=\"noreferrer noopener\">Museu de la Vida Rural<\/a>,\u00a0<a href=\"https:\/\/fundaciocarulla.cat\/\" target=\"_blank\" rel=\"noreferrer noopener\">Fundaci\u00f3 Carulla<\/a>\u00a0and Pau Costa Foundation aims to challange visitors and reflect on the current management of forests and rural areas. The objective is to study in more detail the ecology of fire, generate knowledge about forest fires and reflect on climate change and the sustainability of the current relationship between fire and people.<\/p>\n\n\n\n<p>The content of the exhibition is currently available in virtual format: <a href=\"https:\/\/virtual.expofoc.cat\/\">https:\/\/virtual.expofoc.cat\/<\/a><\/p>\n\n\n\n<p>At the time, a series of environmental awareness actions were carried out around the exhibition:<\/p>\n\n\n\n<h3 class=\"wp-block-heading\" id=\"environmental-education-and-fire-risk-awareness-program\">Environmental education and fire risk awareness program<\/h3>\n\n\n\n<ul class=\"wp-block-list\"><li>Action 1 | <strong><a href=\"http:\/\/expofoc.cat\/jornada-gestio-territori-incendis-forestals\/\">Main session: Can land management be a protection tool against forest fires?<\/a> <\/strong>With the special collaboration of Mart\u00ed Boada. September 30, 2020<\/li><li>Action 2 | <strong>Training day for journalists. Forest fires: how do we prepare to report on this emergency and its effects on the population and infrastructure?<\/strong> June 7, 2021<\/li><li>Action 3 | <strong>Extensive silvopasture and fire prevention sessions in the Conca de Barber\u00e0.<\/strong> June 7, 2021<\/li><li>Action 4 |<strong> Educational activities in extensive silvopasture for fire prevention.<\/strong> December 2021.        Four actions at Zer de la Conca de Barber\u00e0 made up of four different schools. The workshops had the participation of a shepherd from the area (Pere, a shepherd from Vimbod\u00ed i Poblet) who explained his job. His participation was recorded by video in order to spread his valuable message in schools across Catalonia. We also counted with volunteers from the ADF in the area, who explained what forest fire prevention tasks consist of.<ul><li>Valldemur School, Barber\u00e0 de la Conca \u2013 May 31, 2021.<\/li><li>Antoni Tous School, Pira \u2013&nbsp;May 13, 2021<\/li><li>San Roque School, Rocafort \u2013 May 18, 2021<\/li><li>Sagrado Coraz\u00f3n School, Solivella- May 25, 2021<span style=\"color: initial;\">&nbsp;<\/span><\/li><\/ul><\/li><li>Action 5 | <strong>Educational manual on forest fires for children.<\/strong> December 2021.<\/li><li>Action 6 | <strong>Day of management of the agroforestry landscape in fire prevention.<\/strong> March 2021.<\/li><li>Action 7 | <strong>Educational activities to raise awareness of fires and forest management. <\/strong>April-May 2021. Vedruna School at l\u2019Espluga de Francol\u00ed (Third term) and El Morell High School (Third term)<\/li><li>Action 8 | <strong>Fire film series \u2013 2 sessions<\/strong><ul><li><a href=\"https:\/\/www.ccma.cat\/tv3\/alacarta\/sense-ficcio\/lamenaca-incandescent\/video\/6049603\/\"><strong>First session: <\/strong>June 25, 2020 L\u2019amena\u00e7a Incandescent-Sense Ficci\u00f3 by Carles Caparr\u00f3s and Josep Mar\u00eda Flores<\/a><\/li><li><a href=\"https:\/\/www.youtube.com\/watch?v=9oUjkbtkzx4&amp;t=241s\"><strong>Second session: <\/strong>May 15, 2021 \u2013 \u2018O que arde\u2019 by Oliver Laxe<\/a><\/li><\/ul><\/li><li>Action 9 |<strong> 2 IncendiArt artistic activities for boys and girls.<\/strong><ul><li><strong>First session: <\/strong>October 3, 2020 (FES) (*)<\/li><li><strong>Second session:<\/strong> May 15, 2021 (International Museum Day). <strong><a href=\"https:\/\/museuvidarural.cat\/dia-internacional-museus-2021\/\">Program <\/a>    <\/strong>                                       In the <strong><a href=\"https:\/\/www.eventbrite.es\/e\/entradas-dim2021-incendiart-taller-per-a-families-153491054877\">IncendiArt<\/a> <\/strong>workshop we learnt to prepare natural paintings in an artisanal way with materials from a forest fire, such as ashes and coal. The elaborated paintings served us to experiment together from the creation of a mural through a collaborative drawing technique. <a href=\"https:\/\/www.flickr.com\/photos\/paucostafoundation\/51144152571\/in\/album-72157719045877968\/\"><strong>Watch<\/strong><\/a><\/li><\/ul><\/li><li>Action 10 | <a href=\"Closing: Turn off the fire\"><strong>Closing: Turn off the fire<\/strong><\/a>. June 24, 2021<\/li><\/ul>\n","protected":false},"featured_media":3914,"template":"","meta":{"_acf_changed":false,"give_campaign_id":0},"tipos-de-proyecto":[92],"class_list":["post-6524","proyectos","type-proyectos","status-publish","has-post-thumbnail","hentry","tipos-de-proyecto-art-fire-en"],"acf":[],"yoast_head":"<!-- This site is optimized with the Yoast SEO plugin v26.3 - https:\/\/yoast.com\/wordpress\/plugins\/seo\/ -->\n<title>Jugar amb foc - Pau Costa Foundation<\/title>\n<meta name=\"robots\" content=\"index, follow, max-snippet:-1, max-image-preview:large, max-video-preview:-1\" \/>\n<link rel=\"canonical\" href=\"https:\/\/www.paucostafoundation.org\/en\/proyectos\/jugar-amb-foc\/\" \/>\n<meta property=\"og:locale\" content=\"en_US\" \/>\n<meta property=\"og:type\" content=\"article\" \/>\n<meta property=\"og:title\" content=\"Jugar amb foc - Pau Costa Foundation\" \/>\n<meta property=\"og:description\" content=\"The exhibition &#8220;Jugar amb foc&#8221; at l&#8217;Espluga del Francol\u00ed &#8220;Jugar amb foc&#8221; (&#8220;Play with Fire&#8221;), organized and produced by \u00a0Museu de la Vida Rural,\u00a0Fundaci\u00f3 Carulla\u00a0and Pau Costa Foundation aims to challange visitors and reflect on the current management of forests and rural areas. The objective is to study in more detail the ecology of fire, [&hellip;]\" \/>\n<meta property=\"og:url\" content=\"https:\/\/www.paucostafoundation.org\/en\/proyectos\/jugar-amb-foc\/\" \/>\n<meta property=\"og:site_name\" content=\"Pau Costa Foundation\" \/>\n<meta property=\"article:modified_time\" content=\"2025-02-21T13:27:33+00:00\" \/>\n<meta property=\"og:image\" content=\"https:\/\/www.paucostafoundation.org\/wp-content\/uploads\/2021\/11\/DSC09537-980x552-1.jpg\" \/>\n\t<meta property=\"og:image:width\" content=\"980\" \/>\n\t<meta property=\"og:image:height\" content=\"552\" \/>\n\t<meta property=\"og:image:type\" content=\"image\/jpeg\" \/>\n<meta name=\"twitter:card\" content=\"summary_large_image\" \/>\n<meta name=\"twitter:label1\" content=\"Est. reading time\" \/>\n\t<meta name=\"twitter:data1\" content=\"3 minutes\" \/>\n<script type=\"application\/ld+json\" class=\"yoast-schema-graph\">{\"@context\":\"https:\/\/schema.org\",\"@graph\":[{\"@type\":\"WebPage\",\"@id\":\"https:\/\/www.paucostafoundation.org\/en\/proyectos\/jugar-amb-foc\/\",\"url\":\"https:\/\/www.paucostafoundation.org\/en\/proyectos\/jugar-amb-foc\/\",\"name\":\"Jugar amb foc - Pau Costa Foundation\",\"isPartOf\":{\"@id\":\"https:\/\/www.paucostafoundation.org\/en\/#website\"},\"primaryImageOfPage\":{\"@id\":\"https:\/\/www.paucostafoundation.org\/en\/proyectos\/jugar-amb-foc\/#primaryimage\"},\"image\":{\"@id\":\"https:\/\/www.paucostafoundation.org\/en\/proyectos\/jugar-amb-foc\/#primaryimage\"},\"thumbnailUrl\":\"https:\/\/www.paucostafoundation.org\/wp-content\/uploads\/2021\/11\/DSC09537-980x552-1.jpg\",\"datePublished\":\"2021-10-29T15:41:00+00:00\",\"dateModified\":\"2025-02-21T13:27:33+00:00\",\"breadcrumb\":{\"@id\":\"https:\/\/www.paucostafoundation.org\/en\/proyectos\/jugar-amb-foc\/#breadcrumb\"},\"inLanguage\":\"en-US\",\"potentialAction\":[{\"@type\":\"ReadAction\",\"target\":[\"https:\/\/www.paucostafoundation.org\/en\/proyectos\/jugar-amb-foc\/\"]}]},{\"@type\":\"ImageObject\",\"inLanguage\":\"en-US\",\"@id\":\"https:\/\/www.paucostafoundation.org\/en\/proyectos\/jugar-amb-foc\/#primaryimage\",\"url\":\"https:\/\/www.paucostafoundation.org\/wp-content\/uploads\/2021\/11\/DSC09537-980x552-1.jpg\",\"contentUrl\":\"https:\/\/www.paucostafoundation.org\/wp-content\/uploads\/2021\/11\/DSC09537-980x552-1.jpg\",\"width\":980,\"height\":552},{\"@type\":\"BreadcrumbList\",\"@id\":\"https:\/\/www.paucostafoundation.org\/en\/proyectos\/jugar-amb-foc\/#breadcrumb\",\"itemListElement\":[{\"@type\":\"ListItem\",\"position\":1,\"name\":\"Inicio\",\"item\":\"https:\/\/www.paucostafoundation.org\/en\/\"},{\"@type\":\"ListItem\",\"position\":2,\"name\":\"Proyectos\",\"item\":\"https:\/\/www.paucostafoundation.org\/en\/proyectos\/\"},{\"@type\":\"ListItem\",\"position\":3,\"name\":\"Jugar amb foc\"}]},{\"@type\":\"WebSite\",\"@id\":\"https:\/\/www.paucostafoundation.org\/en\/#website\",\"url\":\"https:\/\/www.paucostafoundation.org\/en\/\",\"name\":\"Pau Costa Foundation\",\"description\":\"CONCIENCIA E INVESTIGA LOS INCENDIOS FORESTALES\",\"publisher\":{\"@id\":\"https:\/\/www.paucostafoundation.org\/en\/#organization\"},\"potentialAction\":[{\"@type\":\"SearchAction\",\"target\":{\"@type\":\"EntryPoint\",\"urlTemplate\":\"https:\/\/www.paucostafoundation.org\/en\/?s={search_term_string}\"},\"query-input\":{\"@type\":\"PropertyValueSpecification\",\"valueRequired\":true,\"valueName\":\"search_term_string\"}}],\"inLanguage\":\"en-US\"},{\"@type\":\"Organization\",\"@id\":\"https:\/\/www.paucostafoundation.org\/en\/#organization\",\"name\":\"Pau Costa Foundation\",\"url\":\"https:\/\/www.paucostafoundation.org\/en\/\",\"logo\":{\"@type\":\"ImageObject\",\"inLanguage\":\"en-US\",\"@id\":\"https:\/\/www.paucostafoundation.org\/en\/#\/schema\/logo\/image\/\",\"url\":\"https:\/\/paucostafoundation.digitalnature.es\/wp-content\/uploads\/2021\/06\/logo.png\",\"contentUrl\":\"https:\/\/paucostafoundation.digitalnature.es\/wp-content\/uploads\/2021\/06\/logo.png\",\"width\":873,\"height\":358,\"caption\":\"Pau Costa Foundation\"},\"image\":{\"@id\":\"https:\/\/www.paucostafoundation.org\/en\/#\/schema\/logo\/image\/\"}}]}<\/script>\n<!-- \/ Yoast SEO plugin. -->","yoast_head_json":{"title":"Jugar amb foc - Pau Costa Foundation","robots":{"index":"index","follow":"follow","max-snippet":"max-snippet:-1","max-image-preview":"max-image-preview:large","max-video-preview":"max-video-preview:-1"},"canonical":"https:\/\/www.paucostafoundation.org\/en\/proyectos\/jugar-amb-foc\/","og_locale":"en_US","og_type":"article","og_title":"Jugar amb foc - Pau Costa Foundation","og_description":"The exhibition &#8220;Jugar amb foc&#8221; at l&#8217;Espluga del Francol\u00ed &#8220;Jugar amb foc&#8221; (&#8220;Play with Fire&#8221;), organized and produced by \u00a0Museu de la Vida Rural,\u00a0Fundaci\u00f3 Carulla\u00a0and Pau Costa Foundation aims to challange visitors and reflect on the current management of forests and rural areas. The objective is to study in more detail the ecology of fire, [&hellip;]","og_url":"https:\/\/www.paucostafoundation.org\/en\/proyectos\/jugar-amb-foc\/","og_site_name":"Pau Costa Foundation","article_modified_time":"2025-02-21T13:27:33+00:00","og_image":[{"width":980,"height":552,"url":"https:\/\/www.paucostafoundation.org\/wp-content\/uploads\/2021\/11\/DSC09537-980x552-1.jpg","type":"image\/jpeg"}],"twitter_card":"summary_large_image","twitter_misc":{"Est. reading time":"3 minutes"},"schema":{"@context":"https:\/\/schema.org","@graph":[{"@type":"WebPage","@id":"https:\/\/www.paucostafoundation.org\/en\/proyectos\/jugar-amb-foc\/","url":"https:\/\/www.paucostafoundation.org\/en\/proyectos\/jugar-amb-foc\/","name":"Jugar amb foc - Pau Costa Foundation","isPartOf":{"@id":"https:\/\/www.paucostafoundation.org\/en\/#website"},"primaryImageOfPage":{"@id":"https:\/\/www.paucostafoundation.org\/en\/proyectos\/jugar-amb-foc\/#primaryimage"},"image":{"@id":"https:\/\/www.paucostafoundation.org\/en\/proyectos\/jugar-amb-foc\/#primaryimage"},"thumbnailUrl":"https:\/\/www.paucostafoundation.org\/wp-content\/uploads\/2021\/11\/DSC09537-980x552-1.jpg","datePublished":"2021-10-29T15:41:00+00:00","dateModified":"2025-02-21T13:27:33+00:00","breadcrumb":{"@id":"https:\/\/www.paucostafoundation.org\/en\/proyectos\/jugar-amb-foc\/#breadcrumb"},"inLanguage":"en-US","potentialAction":[{"@type":"ReadAction","target":["https:\/\/www.paucostafoundation.org\/en\/proyectos\/jugar-amb-foc\/"]}]},{"@type":"ImageObject","inLanguage":"en-US","@id":"https:\/\/www.paucostafoundation.org\/en\/proyectos\/jugar-amb-foc\/#primaryimage","url":"https:\/\/www.paucostafoundation.org\/wp-content\/uploads\/2021\/11\/DSC09537-980x552-1.jpg","contentUrl":"https:\/\/www.paucostafoundation.org\/wp-content\/uploads\/2021\/11\/DSC09537-980x552-1.jpg","width":980,"height":552},{"@type":"BreadcrumbList","@id":"https:\/\/www.paucostafoundation.org\/en\/proyectos\/jugar-amb-foc\/#breadcrumb","itemListElement":[{"@type":"ListItem","position":1,"name":"Inicio","item":"https:\/\/www.paucostafoundation.org\/en\/"},{"@type":"ListItem","position":2,"name":"Proyectos","item":"https:\/\/www.paucostafoundation.org\/en\/proyectos\/"},{"@type":"ListItem","position":3,"name":"Jugar amb foc"}]},{"@type":"WebSite","@id":"https:\/\/www.paucostafoundation.org\/en\/#website","url":"https:\/\/www.paucostafoundation.org\/en\/","name":"Pau Costa Foundation","description":"CONCIENCIA E INVESTIGA LOS INCENDIOS FORESTALES","publisher":{"@id":"https:\/\/www.paucostafoundation.org\/en\/#organization"},"potentialAction":[{"@type":"SearchAction","target":{"@type":"EntryPoint","urlTemplate":"https:\/\/www.paucostafoundation.org\/en\/?s={search_term_string}"},"query-input":{"@type":"PropertyValueSpecification","valueRequired":true,"valueName":"search_term_string"}}],"inLanguage":"en-US"},{"@type":"Organization","@id":"https:\/\/www.paucostafoundation.org\/en\/#organization","name":"Pau Costa Foundation","url":"https:\/\/www.paucostafoundation.org\/en\/","logo":{"@type":"ImageObject","inLanguage":"en-US","@id":"https:\/\/www.paucostafoundation.org\/en\/#\/schema\/logo\/image\/","url":"https:\/\/paucostafoundation.digitalnature.es\/wp-content\/uploads\/2021\/06\/logo.png","contentUrl":"https:\/\/paucostafoundation.digitalnature.es\/wp-content\/uploads\/2021\/06\/logo.png","width":873,"height":358,"caption":"Pau Costa Foundation"},"image":{"@id":"https:\/\/www.paucostafoundation.org\/en\/#\/schema\/logo\/image\/"}}]}},"_links":{"self":[{"href":"https:\/\/www.paucostafoundation.org\/en\/wp-json\/wp\/v2\/proyectos\/6524","targetHints":{"allow":["GET"]}}],"collection":[{"href":"https:\/\/www.paucostafoundation.org\/en\/wp-json\/wp\/v2\/proyectos"}],"about":[{"href":"https:\/\/www.paucostafoundation.org\/en\/wp-json\/wp\/v2\/types\/proyectos"}],"wp:featuredmedia":[{"embeddable":true,"href":"https:\/\/www.paucostafoundation.org\/en\/wp-json\/wp\/v2\/media\/3914"}],"wp:attachment":[{"href":"https:\/\/www.paucostafoundation.org\/en\/wp-json\/wp\/v2\/media?parent=6524"}],"wp:term":[{"taxonomy":"tipos-de-proyecto","embeddable":true,"href":"https:\/\/www.paucostafoundation.org\/en\/wp-json\/wp\/v2\/tipos-de-proyecto?post=6524"}],"curies":[{"name":"wp","href":"https:\/\/api.w.org\/{rel}","templated":true}]}}