{"id":22491,"date":"2025-10-22T08:08:07","date_gmt":"2025-10-22T08:08:07","guid":{"rendered":"https:\/\/www.paucostafoundation.org\/?post_type=proyectos&#038;p=22491"},"modified":"2026-03-31T08:51:39","modified_gmt":"2026-03-31T08:51:39","slug":"formacio-per-a-mestres-de-primaria-adaptacio-als-incendis-forestals-en-context-de-canvi-climatic-a-la-provincia-de-tarragona","status":"publish","type":"proyectos","link":"https:\/\/www.paucostafoundation.org\/ca\/proyectos\/formacio-per-a-mestres-de-primaria-adaptacio-als-incendis-forestals-en-context-de-canvi-climatic-a-la-provincia-de-tarragona\/","title":{"rendered":"Formaci\u00f3 per a mestres de prim\u00e0ria. Adaptaci\u00f3 als incendis forestals en context de canvi clim\u00e0tic a la prov\u00edncia de Tarragona. I projecte d&#8217;implementaci\u00f3."},"content":{"rendered":"\n<p>El territori tarragon\u00ed \u2014i en especial les Terres de l\u2019Ebre\u2014 \u00e9s una zona amb una elevada recurr\u00e8ncia d\u2019incendis forestals, un fet que afecta el seu paisatge, el sector primari i la vida de les persones que hi viuen.<\/p>\n\n\n\n<p>Davant d\u2019aquesta realitat i en un context de canvi clim\u00e0tic, neix el projecte \u201c<em>Formaci\u00f3 per a mestres de prim\u00e0ria: adaptaci\u00f3 als incendis forestals en context de canvi clim\u00e0tic a la prov\u00edncia de Tarragona<\/em>\u201d. L\u2019objectiu principal \u00e9s facilitar eines i recursos educatius perqu\u00e8 els i les docents puguin treballar a l\u2019aula la tem\u00e0tica dels incendis forestals i la gesti\u00f3 del paisatge, adaptada a la realitat local.<\/p>\n\n\n\n<p>Amb aquesta iniciativa, volem fomentar la consci\u00e8ncia ambiental entre els m\u00e9s petits, promovent el coneixement sobre la import\u00e0ncia de tenir paisatges adaptats per a poder prevenir els grans incendis forestals.<\/p>\n\n\n\n<p>Podeu consultar informaci\u00f3 complement\u00e0ria <strong><a href=\"https:\/\/www.paucostafoundation.org\/ca\/formacio-sobre-incendis-forestals-per-a-professorat-de-tarragona\/\" target=\"_blank\" rel=\"noreferrer noopener\">aqu\u00ed.<\/a><\/strong><a href=\"https:\/\/www.paucostafoundation.org\/wp-admin\/post.php?post=22266&amp;action=edit&amp;lang=ca\"><strong> <\/strong><\/a><\/p>\n\n\n\n<p><strong>Projecte d\u2019implementaci\u00f3<\/strong><\/p>\n\n\n\n<p>Posteriorment, es va obtenir una ajuda per implementar aquest projecte, aportant sessions te\u00f2riques i posant en contacte el professorat amb experts en la gesti\u00f3 del territori per dotar els mestres i les mestres dels coneixements necessaris per portar all\u00f2 apr\u00e8s a l\u2019aula. Aquesta fase d\u2019implementaci\u00f3 finalitza el juny de 2026.<\/p>\n\n\n\n<figure class=\"wp-block-image size-large\"><a href=\"https:\/\/www.paucostafoundation.org\/wp-content\/uploads\/2025\/10\/Formaciomestres_cartell_a5.jpg\"><img fetchpriority=\"high\" decoding=\"async\" width=\"1024\" height=\"722\" src=\"https:\/\/www.paucostafoundation.org\/wp-content\/uploads\/2025\/10\/Formaciomestres_cartell_a5-1024x722.jpg\" alt=\"\" class=\"wp-image-24228\" srcset=\"https:\/\/www.paucostafoundation.org\/wp-content\/uploads\/2025\/10\/Formaciomestres_cartell_a5-1024x722.jpg 1024w, https:\/\/www.paucostafoundation.org\/wp-content\/uploads\/2025\/10\/Formaciomestres_cartell_a5-300x211.jpg 300w, https:\/\/www.paucostafoundation.org\/wp-content\/uploads\/2025\/10\/Formaciomestres_cartell_a5-768x541.jpg 768w, https:\/\/www.paucostafoundation.org\/wp-content\/uploads\/2025\/10\/Formaciomestres_cartell_a5-1536x1083.jpg 1536w, https:\/\/www.paucostafoundation.org\/wp-content\/uploads\/2025\/10\/Formaciomestres_cartell_a5-2048x1444.jpg 2048w, https:\/\/www.paucostafoundation.org\/wp-content\/uploads\/2025\/10\/Formaciomestres_cartell_a5-600x423.jpg 600w\" sizes=\"(max-width: 1024px) 100vw, 1024px\" \/><\/a><\/figure>\n\n\n\n<p>La formaci\u00f3 i implementaci\u00f3 del projecte s\u00b4ha fet amb la col\u00b7laboraci\u00f3 de la <strong>Diputaci\u00f3 de Tarragona<\/strong>.<\/p>\n\n\n\n<figure class=\"wp-block-image size-full is-resized\"><a href=\"https:\/\/www.paucostafoundation.org\/wp-content\/uploads\/2022\/10\/DIPTA_H_col-1.png\"><img decoding=\"async\" width=\"776\" height=\"189\" src=\"https:\/\/www.paucostafoundation.org\/wp-content\/uploads\/2022\/10\/DIPTA_H_col-1.png\" alt=\"\" class=\"wp-image-9013\" style=\"width:449px;height:auto\" srcset=\"https:\/\/www.paucostafoundation.org\/wp-content\/uploads\/2022\/10\/DIPTA_H_col-1.png 776w, https:\/\/www.paucostafoundation.org\/wp-content\/uploads\/2022\/10\/DIPTA_H_col-1-300x73.png 300w, https:\/\/www.paucostafoundation.org\/wp-content\/uploads\/2022\/10\/DIPTA_H_col-1-768x187.png 768w, https:\/\/www.paucostafoundation.org\/wp-content\/uploads\/2022\/10\/DIPTA_H_col-1-600x146.png 600w\" sizes=\"(max-width: 776px) 100vw, 776px\" \/><\/a><\/figure>\n","protected":false},"featured_media":22268,"template":"","meta":{"_acf_changed":false,"give_campaign_id":0},"tipos-de-proyecto":[],"class_list":["post-22491","proyectos","type-proyectos","status-publish","has-post-thumbnail","hentry"],"acf":[],"yoast_head":"<!-- This site is optimized with the Yoast SEO plugin v26.3 - https:\/\/yoast.com\/wordpress\/plugins\/seo\/ -->\n<title>Formaci\u00f3 per a mestres de prim\u00e0ria. Adaptaci\u00f3 als incendis forestals en context de canvi clim\u00e0tic a la prov\u00edncia de Tarragona. I projecte d&#039;implementaci\u00f3. - Pau Costa Foundation<\/title>\n<meta name=\"robots\" content=\"index, follow, max-snippet:-1, max-image-preview:large, max-video-preview:-1\" \/>\n<link rel=\"canonical\" href=\"https:\/\/www.paucostafoundation.org\/ca\/proyectos\/formacio-per-a-mestres-de-primaria-adaptacio-als-incendis-forestals-en-context-de-canvi-climatic-a-la-provincia-de-tarragona\/\" \/>\n<meta property=\"og:locale\" content=\"ca_ES\" \/>\n<meta property=\"og:type\" content=\"article\" \/>\n<meta property=\"og:title\" content=\"Formaci\u00f3 per a mestres de prim\u00e0ria. Adaptaci\u00f3 als incendis forestals en context de canvi clim\u00e0tic a la prov\u00edncia de Tarragona. I projecte d&#039;implementaci\u00f3. - Pau Costa Foundation\" \/>\n<meta property=\"og:description\" content=\"El territori tarragon\u00ed \u2014i en especial les Terres de l\u2019Ebre\u2014 \u00e9s una zona amb una elevada recurr\u00e8ncia d\u2019incendis forestals, un fet que afecta el seu paisatge, el sector primari i la vida de les persones que hi viuen. Davant d\u2019aquesta realitat i en un context de canvi clim\u00e0tic, neix el projecte \u201cFormaci\u00f3 per a mestres [&hellip;]\" \/>\n<meta property=\"og:url\" content=\"https:\/\/www.paucostafoundation.org\/ca\/proyectos\/formacio-per-a-mestres-de-primaria-adaptacio-als-incendis-forestals-en-context-de-canvi-climatic-a-la-provincia-de-tarragona\/\" \/>\n<meta property=\"og:site_name\" content=\"Pau Costa Foundation\" \/>\n<meta property=\"article:modified_time\" content=\"2026-03-31T08:51:39+00:00\" \/>\n<meta property=\"og:image\" content=\"https:\/\/www.paucostafoundation.org\/wp-content\/uploads\/2025\/09\/profes-2.jpg\" \/>\n\t<meta property=\"og:image:width\" content=\"706\" \/>\n\t<meta property=\"og:image:height\" content=\"526\" \/>\n\t<meta property=\"og:image:type\" content=\"image\/jpeg\" \/>\n<meta name=\"twitter:card\" content=\"summary_large_image\" \/>\n<meta name=\"twitter:label1\" content=\"Temps estimat de lectura\" \/>\n\t<meta name=\"twitter:data1\" content=\"2 minuts\" \/>\n<script type=\"application\/ld+json\" class=\"yoast-schema-graph\">{\"@context\":\"https:\/\/schema.org\",\"@graph\":[{\"@type\":\"WebPage\",\"@id\":\"https:\/\/www.paucostafoundation.org\/ca\/proyectos\/formacio-per-a-mestres-de-primaria-adaptacio-als-incendis-forestals-en-context-de-canvi-climatic-a-la-provincia-de-tarragona\/\",\"url\":\"https:\/\/www.paucostafoundation.org\/ca\/proyectos\/formacio-per-a-mestres-de-primaria-adaptacio-als-incendis-forestals-en-context-de-canvi-climatic-a-la-provincia-de-tarragona\/\",\"name\":\"Formaci\u00f3 per a mestres de prim\u00e0ria. Adaptaci\u00f3 als incendis forestals en context de canvi clim\u00e0tic a la prov\u00edncia de Tarragona. I projecte d'implementaci\u00f3. - Pau Costa Foundation\",\"isPartOf\":{\"@id\":\"https:\/\/www.paucostafoundation.org\/ca\/#website\"},\"primaryImageOfPage\":{\"@id\":\"https:\/\/www.paucostafoundation.org\/ca\/proyectos\/formacio-per-a-mestres-de-primaria-adaptacio-als-incendis-forestals-en-context-de-canvi-climatic-a-la-provincia-de-tarragona\/#primaryimage\"},\"image\":{\"@id\":\"https:\/\/www.paucostafoundation.org\/ca\/proyectos\/formacio-per-a-mestres-de-primaria-adaptacio-als-incendis-forestals-en-context-de-canvi-climatic-a-la-provincia-de-tarragona\/#primaryimage\"},\"thumbnailUrl\":\"https:\/\/www.paucostafoundation.org\/wp-content\/uploads\/2025\/09\/profes-2.jpg\",\"datePublished\":\"2025-10-22T08:08:07+00:00\",\"dateModified\":\"2026-03-31T08:51:39+00:00\",\"breadcrumb\":{\"@id\":\"https:\/\/www.paucostafoundation.org\/ca\/proyectos\/formacio-per-a-mestres-de-primaria-adaptacio-als-incendis-forestals-en-context-de-canvi-climatic-a-la-provincia-de-tarragona\/#breadcrumb\"},\"inLanguage\":\"ca\",\"potentialAction\":[{\"@type\":\"ReadAction\",\"target\":[\"https:\/\/www.paucostafoundation.org\/ca\/proyectos\/formacio-per-a-mestres-de-primaria-adaptacio-als-incendis-forestals-en-context-de-canvi-climatic-a-la-provincia-de-tarragona\/\"]}]},{\"@type\":\"ImageObject\",\"inLanguage\":\"ca\",\"@id\":\"https:\/\/www.paucostafoundation.org\/ca\/proyectos\/formacio-per-a-mestres-de-primaria-adaptacio-als-incendis-forestals-en-context-de-canvi-climatic-a-la-provincia-de-tarragona\/#primaryimage\",\"url\":\"https:\/\/www.paucostafoundation.org\/wp-content\/uploads\/2025\/09\/profes-2.jpg\",\"contentUrl\":\"https:\/\/www.paucostafoundation.org\/wp-content\/uploads\/2025\/09\/profes-2.jpg\",\"width\":706,\"height\":526},{\"@type\":\"BreadcrumbList\",\"@id\":\"https:\/\/www.paucostafoundation.org\/ca\/proyectos\/formacio-per-a-mestres-de-primaria-adaptacio-als-incendis-forestals-en-context-de-canvi-climatic-a-la-provincia-de-tarragona\/#breadcrumb\",\"itemListElement\":[{\"@type\":\"ListItem\",\"position\":1,\"name\":\"Inicio\",\"item\":\"https:\/\/www.paucostafoundation.org\/ca\/\"},{\"@type\":\"ListItem\",\"position\":2,\"name\":\"Proyectos\",\"item\":\"https:\/\/www.paucostafoundation.org\/ca\/proyectos\/\"},{\"@type\":\"ListItem\",\"position\":3,\"name\":\"Formaci\u00f3 per a mestres de prim\u00e0ria. Adaptaci\u00f3 als incendis forestals en context de canvi clim\u00e0tic a la prov\u00edncia de Tarragona. I projecte d&#8217;implementaci\u00f3.\"}]},{\"@type\":\"WebSite\",\"@id\":\"https:\/\/www.paucostafoundation.org\/ca\/#website\",\"url\":\"https:\/\/www.paucostafoundation.org\/ca\/\",\"name\":\"Pau Costa Foundation\",\"description\":\"CONCIENCIA E INVESTIGA LOS INCENDIOS FORESTALES\",\"publisher\":{\"@id\":\"https:\/\/www.paucostafoundation.org\/ca\/#organization\"},\"potentialAction\":[{\"@type\":\"SearchAction\",\"target\":{\"@type\":\"EntryPoint\",\"urlTemplate\":\"https:\/\/www.paucostafoundation.org\/ca\/?s={search_term_string}\"},\"query-input\":{\"@type\":\"PropertyValueSpecification\",\"valueRequired\":true,\"valueName\":\"search_term_string\"}}],\"inLanguage\":\"ca\"},{\"@type\":\"Organization\",\"@id\":\"https:\/\/www.paucostafoundation.org\/ca\/#organization\",\"name\":\"Pau Costa Foundation\",\"url\":\"https:\/\/www.paucostafoundation.org\/ca\/\",\"logo\":{\"@type\":\"ImageObject\",\"inLanguage\":\"ca\",\"@id\":\"https:\/\/www.paucostafoundation.org\/ca\/#\/schema\/logo\/image\/\",\"url\":\"https:\/\/paucostafoundation.digitalnature.es\/wp-content\/uploads\/2021\/06\/logo.png\",\"contentUrl\":\"https:\/\/paucostafoundation.digitalnature.es\/wp-content\/uploads\/2021\/06\/logo.png\",\"width\":873,\"height\":358,\"caption\":\"Pau Costa Foundation\"},\"image\":{\"@id\":\"https:\/\/www.paucostafoundation.org\/ca\/#\/schema\/logo\/image\/\"}}]}<\/script>\n<!-- \/ Yoast SEO plugin. -->","yoast_head_json":{"title":"Formaci\u00f3 per a mestres de prim\u00e0ria. Adaptaci\u00f3 als incendis forestals en context de canvi clim\u00e0tic a la prov\u00edncia de Tarragona. I projecte d'implementaci\u00f3. - Pau Costa Foundation","robots":{"index":"index","follow":"follow","max-snippet":"max-snippet:-1","max-image-preview":"max-image-preview:large","max-video-preview":"max-video-preview:-1"},"canonical":"https:\/\/www.paucostafoundation.org\/ca\/proyectos\/formacio-per-a-mestres-de-primaria-adaptacio-als-incendis-forestals-en-context-de-canvi-climatic-a-la-provincia-de-tarragona\/","og_locale":"ca_ES","og_type":"article","og_title":"Formaci\u00f3 per a mestres de prim\u00e0ria. Adaptaci\u00f3 als incendis forestals en context de canvi clim\u00e0tic a la prov\u00edncia de Tarragona. I projecte d'implementaci\u00f3. - Pau Costa Foundation","og_description":"El territori tarragon\u00ed \u2014i en especial les Terres de l\u2019Ebre\u2014 \u00e9s una zona amb una elevada recurr\u00e8ncia d\u2019incendis forestals, un fet que afecta el seu paisatge, el sector primari i la vida de les persones que hi viuen. Davant d\u2019aquesta realitat i en un context de canvi clim\u00e0tic, neix el projecte \u201cFormaci\u00f3 per a mestres [&hellip;]","og_url":"https:\/\/www.paucostafoundation.org\/ca\/proyectos\/formacio-per-a-mestres-de-primaria-adaptacio-als-incendis-forestals-en-context-de-canvi-climatic-a-la-provincia-de-tarragona\/","og_site_name":"Pau Costa Foundation","article_modified_time":"2026-03-31T08:51:39+00:00","og_image":[{"width":706,"height":526,"url":"https:\/\/www.paucostafoundation.org\/wp-content\/uploads\/2025\/09\/profes-2.jpg","type":"image\/jpeg"}],"twitter_card":"summary_large_image","twitter_misc":{"Temps estimat de lectura":"2 minuts"},"schema":{"@context":"https:\/\/schema.org","@graph":[{"@type":"WebPage","@id":"https:\/\/www.paucostafoundation.org\/ca\/proyectos\/formacio-per-a-mestres-de-primaria-adaptacio-als-incendis-forestals-en-context-de-canvi-climatic-a-la-provincia-de-tarragona\/","url":"https:\/\/www.paucostafoundation.org\/ca\/proyectos\/formacio-per-a-mestres-de-primaria-adaptacio-als-incendis-forestals-en-context-de-canvi-climatic-a-la-provincia-de-tarragona\/","name":"Formaci\u00f3 per a mestres de prim\u00e0ria. Adaptaci\u00f3 als incendis forestals en context de canvi clim\u00e0tic a la prov\u00edncia de Tarragona. I projecte d'implementaci\u00f3. - Pau Costa Foundation","isPartOf":{"@id":"https:\/\/www.paucostafoundation.org\/ca\/#website"},"primaryImageOfPage":{"@id":"https:\/\/www.paucostafoundation.org\/ca\/proyectos\/formacio-per-a-mestres-de-primaria-adaptacio-als-incendis-forestals-en-context-de-canvi-climatic-a-la-provincia-de-tarragona\/#primaryimage"},"image":{"@id":"https:\/\/www.paucostafoundation.org\/ca\/proyectos\/formacio-per-a-mestres-de-primaria-adaptacio-als-incendis-forestals-en-context-de-canvi-climatic-a-la-provincia-de-tarragona\/#primaryimage"},"thumbnailUrl":"https:\/\/www.paucostafoundation.org\/wp-content\/uploads\/2025\/09\/profes-2.jpg","datePublished":"2025-10-22T08:08:07+00:00","dateModified":"2026-03-31T08:51:39+00:00","breadcrumb":{"@id":"https:\/\/www.paucostafoundation.org\/ca\/proyectos\/formacio-per-a-mestres-de-primaria-adaptacio-als-incendis-forestals-en-context-de-canvi-climatic-a-la-provincia-de-tarragona\/#breadcrumb"},"inLanguage":"ca","potentialAction":[{"@type":"ReadAction","target":["https:\/\/www.paucostafoundation.org\/ca\/proyectos\/formacio-per-a-mestres-de-primaria-adaptacio-als-incendis-forestals-en-context-de-canvi-climatic-a-la-provincia-de-tarragona\/"]}]},{"@type":"ImageObject","inLanguage":"ca","@id":"https:\/\/www.paucostafoundation.org\/ca\/proyectos\/formacio-per-a-mestres-de-primaria-adaptacio-als-incendis-forestals-en-context-de-canvi-climatic-a-la-provincia-de-tarragona\/#primaryimage","url":"https:\/\/www.paucostafoundation.org\/wp-content\/uploads\/2025\/09\/profes-2.jpg","contentUrl":"https:\/\/www.paucostafoundation.org\/wp-content\/uploads\/2025\/09\/profes-2.jpg","width":706,"height":526},{"@type":"BreadcrumbList","@id":"https:\/\/www.paucostafoundation.org\/ca\/proyectos\/formacio-per-a-mestres-de-primaria-adaptacio-als-incendis-forestals-en-context-de-canvi-climatic-a-la-provincia-de-tarragona\/#breadcrumb","itemListElement":[{"@type":"ListItem","position":1,"name":"Inicio","item":"https:\/\/www.paucostafoundation.org\/ca\/"},{"@type":"ListItem","position":2,"name":"Proyectos","item":"https:\/\/www.paucostafoundation.org\/ca\/proyectos\/"},{"@type":"ListItem","position":3,"name":"Formaci\u00f3 per a mestres de prim\u00e0ria. Adaptaci\u00f3 als incendis forestals en context de canvi clim\u00e0tic a la prov\u00edncia de Tarragona. I projecte d&#8217;implementaci\u00f3."}]},{"@type":"WebSite","@id":"https:\/\/www.paucostafoundation.org\/ca\/#website","url":"https:\/\/www.paucostafoundation.org\/ca\/","name":"Pau Costa Foundation","description":"CONCIENCIA E INVESTIGA LOS INCENDIOS FORESTALES","publisher":{"@id":"https:\/\/www.paucostafoundation.org\/ca\/#organization"},"potentialAction":[{"@type":"SearchAction","target":{"@type":"EntryPoint","urlTemplate":"https:\/\/www.paucostafoundation.org\/ca\/?s={search_term_string}"},"query-input":{"@type":"PropertyValueSpecification","valueRequired":true,"valueName":"search_term_string"}}],"inLanguage":"ca"},{"@type":"Organization","@id":"https:\/\/www.paucostafoundation.org\/ca\/#organization","name":"Pau Costa Foundation","url":"https:\/\/www.paucostafoundation.org\/ca\/","logo":{"@type":"ImageObject","inLanguage":"ca","@id":"https:\/\/www.paucostafoundation.org\/ca\/#\/schema\/logo\/image\/","url":"https:\/\/paucostafoundation.digitalnature.es\/wp-content\/uploads\/2021\/06\/logo.png","contentUrl":"https:\/\/paucostafoundation.digitalnature.es\/wp-content\/uploads\/2021\/06\/logo.png","width":873,"height":358,"caption":"Pau Costa Foundation"},"image":{"@id":"https:\/\/www.paucostafoundation.org\/ca\/#\/schema\/logo\/image\/"}}]}},"_links":{"self":[{"href":"https:\/\/www.paucostafoundation.org\/ca\/wp-json\/wp\/v2\/proyectos\/22491","targetHints":{"allow":["GET"]}}],"collection":[{"href":"https:\/\/www.paucostafoundation.org\/ca\/wp-json\/wp\/v2\/proyectos"}],"about":[{"href":"https:\/\/www.paucostafoundation.org\/ca\/wp-json\/wp\/v2\/types\/proyectos"}],"wp:featuredmedia":[{"embeddable":true,"href":"https:\/\/www.paucostafoundation.org\/ca\/wp-json\/wp\/v2\/media\/22268"}],"wp:attachment":[{"href":"https:\/\/www.paucostafoundation.org\/ca\/wp-json\/wp\/v2\/media?parent=22491"}],"wp:term":[{"taxonomy":"tipos-de-proyecto","embeddable":true,"href":"https:\/\/www.paucostafoundation.org\/ca\/wp-json\/wp\/v2\/tipos-de-proyecto?post=22491"}],"curies":[{"name":"wp","href":"https:\/\/api.w.org\/{rel}","templated":true}]}}