{"id":17857,"date":"2024-09-20T14:20:42","date_gmt":"2024-09-20T14:20:42","guid":{"rendered":"https:\/\/www.paucostafoundation.org\/?post_type=proyectos&#038;p=17857"},"modified":"2024-09-20T14:20:44","modified_gmt":"2024-09-20T14:20:44","slug":"dia-de-la-prevencio-dincendis-forestals","status":"publish","type":"proyectos","link":"https:\/\/www.paucostafoundation.org\/ca\/proyectos\/dia-de-la-prevencio-dincendis-forestals\/","title":{"rendered":"Dia de la prevenci\u00f3 d&#8217;incendis forestals"},"content":{"rendered":"\n<p>Els Prepadness day o Dia de la Prevenci\u00f3 d&#8217;incendis forestals s\u00f3n jornades organitzades per als ve\u00efns\/es que viuen a urbanitzacions situades en entorns forestals, i que per tant tenen risc de patir un incendi forestal a prop dels seus habitatges.<\/p>\n\n\n\n<p>Diversos gestors del territori (bombers forestals, protecci\u00f3 civil, agents mediambientals\u2026) visiten els propietaris\/es a casa per conscienciar-los, porta a porta, que els seus habitatges es troben en una zona de risc d&#8217;incendis, i els ofereixen una s\u00e8rie de consells a adoptar.<\/p>\n\n\n\n<p>La implementaci\u00f3 d&#8217;aquesta jornada es basa en el treball de la NFPA amb les comunitats de ve\u00efns dels darrers anys: <a href=\"https:\/\/www.nfpa.org\/Events\/Events\/National-Wildfire-Community-Preparedness-Day\">https:\/\/www.nfpa.org\/Events\/Events\/National-Wildfire-Community-Preparedness-Day<\/a><\/p>\n\n\n\n<p>Hem realitzat diverses edicions:<\/p>\n\n\n\n<p><strong>1a edici\u00f3 (2018)<\/strong><\/p>\n\n\n\n<p>La primera edici\u00f3 del Dia de la Prevenci\u00f3 d&#8217;incendis forestals a Espanya es va celebrar el municipi de Vacarisses el 2 de maig del 2018 gr\u00e0cies a la col\u00b7laboraci\u00f3 de la Diputaci\u00f3 de Barcelona. Aquell mateix dia, Protecci\u00f3 Civil de Torrelodones organitzava la mateixa jornada al seu municipi.<\/p>\n\n\n\n<p>A m\u00e9s, aquesta jornada es va celebrar en 4 localitats italianes alhora: Riva del Sole i Principina a Mare (Grosseto), La Gabella (Pisa) i Caiano (Firenze) gr\u00e0cies a la col\u00b7laboraci\u00f3 del govern regional Regione Toscana i Protezione Civile Region.<\/p>\n\n\n\n<p><strong>2a edici\u00f3 (2019)<\/strong><\/p>\n\n\n\n<p>La segona edici\u00f3 es va realitzar a Begur el 8 de juny de 2019, a la prov\u00edncia de Girona i gr\u00e0cies a la col\u00b7laboraci\u00f3 de la Diputaci\u00f3 de Girona i la Generalitat de Catalunya.<\/p>\n\n\n\n<p><strong>3a edici\u00f3 (2021)<\/strong><\/p>\n\n\n\n<p>La tercera edici\u00f3 es va realitzar al Bruc el 27 d&#8217;octubre, a la prov\u00edncia de Barcelona, \u200b\u200bgr\u00e0cies a la col\u00b7laboraci\u00f3 de l&#8217;Institut de Seguretat P\u00fablica de Catalunya, Protecci\u00f3 Civil, la Diputaci\u00f3 de Barcelona, \u200b\u200bBombers de la Generalitat, ADF El Bruc i Mossos d &#8216;Esquadra.<\/p>\n\n\n\n<p>El 8 de maig d&#8217;aquell mateix any, la Fundaci\u00f3 Pau Costa va participar en l\u00ednia al Preparedness Day organitzat per la Reggione Toscana (It\u00e0lia).<\/p>\n","protected":false},"featured_media":3516,"template":"","meta":{"_acf_changed":false,"give_campaign_id":0},"tipos-de-proyecto":[],"class_list":["post-17857","proyectos","type-proyectos","status-publish","has-post-thumbnail","hentry"],"acf":[],"yoast_head":"<!-- This site is optimized with the Yoast SEO plugin v26.3 - https:\/\/yoast.com\/wordpress\/plugins\/seo\/ -->\n<title>Dia de la prevenci\u00f3 d&#039;incendis forestals - Pau Costa Foundation<\/title>\n<meta name=\"robots\" content=\"index, follow, max-snippet:-1, max-image-preview:large, max-video-preview:-1\" \/>\n<link rel=\"canonical\" href=\"https:\/\/www.paucostafoundation.org\/ca\/proyectos\/dia-de-la-prevencio-dincendis-forestals\/\" \/>\n<meta property=\"og:locale\" content=\"ca_ES\" \/>\n<meta property=\"og:type\" content=\"article\" \/>\n<meta property=\"og:title\" content=\"Dia de la prevenci\u00f3 d&#039;incendis forestals - Pau Costa Foundation\" \/>\n<meta property=\"og:description\" content=\"Els Prepadness day o Dia de la Prevenci\u00f3 d&#8217;incendis forestals s\u00f3n jornades organitzades per als ve\u00efns\/es que viuen a urbanitzacions situades en entorns forestals, i que per tant tenen risc de patir un incendi forestal a prop dels seus habitatges. Diversos gestors del territori (bombers forestals, protecci\u00f3 civil, agents mediambientals\u2026) visiten els propietaris\/es a casa [&hellip;]\" \/>\n<meta property=\"og:url\" content=\"https:\/\/www.paucostafoundation.org\/ca\/proyectos\/dia-de-la-prevencio-dincendis-forestals\/\" \/>\n<meta property=\"og:site_name\" content=\"Pau Costa Foundation\" \/>\n<meta property=\"article:modified_time\" content=\"2024-09-20T14:20:44+00:00\" \/>\n<meta property=\"og:image\" content=\"https:\/\/www.paucostafoundation.org\/wp-content\/uploads\/2021\/11\/IMG_9729_edited.jpg\" \/>\n\t<meta property=\"og:image:width\" content=\"2000\" \/>\n\t<meta property=\"og:image:height\" content=\"1047\" \/>\n\t<meta property=\"og:image:type\" content=\"image\/jpeg\" \/>\n<meta name=\"twitter:card\" content=\"summary_large_image\" \/>\n<meta name=\"twitter:label1\" content=\"Temps estimat de lectura\" \/>\n\t<meta name=\"twitter:data1\" content=\"2 minuts\" \/>\n<script type=\"application\/ld+json\" class=\"yoast-schema-graph\">{\"@context\":\"https:\/\/schema.org\",\"@graph\":[{\"@type\":\"WebPage\",\"@id\":\"https:\/\/www.paucostafoundation.org\/ca\/proyectos\/dia-de-la-prevencio-dincendis-forestals\/\",\"url\":\"https:\/\/www.paucostafoundation.org\/ca\/proyectos\/dia-de-la-prevencio-dincendis-forestals\/\",\"name\":\"Dia de la prevenci\u00f3 d'incendis forestals - Pau Costa Foundation\",\"isPartOf\":{\"@id\":\"https:\/\/www.paucostafoundation.org\/ca\/#website\"},\"primaryImageOfPage\":{\"@id\":\"https:\/\/www.paucostafoundation.org\/ca\/proyectos\/dia-de-la-prevencio-dincendis-forestals\/#primaryimage\"},\"image\":{\"@id\":\"https:\/\/www.paucostafoundation.org\/ca\/proyectos\/dia-de-la-prevencio-dincendis-forestals\/#primaryimage\"},\"thumbnailUrl\":\"https:\/\/www.paucostafoundation.org\/wp-content\/uploads\/2021\/11\/IMG_9729_edited.jpg\",\"datePublished\":\"2024-09-20T14:20:42+00:00\",\"dateModified\":\"2024-09-20T14:20:44+00:00\",\"breadcrumb\":{\"@id\":\"https:\/\/www.paucostafoundation.org\/ca\/proyectos\/dia-de-la-prevencio-dincendis-forestals\/#breadcrumb\"},\"inLanguage\":\"ca\",\"potentialAction\":[{\"@type\":\"ReadAction\",\"target\":[\"https:\/\/www.paucostafoundation.org\/ca\/proyectos\/dia-de-la-prevencio-dincendis-forestals\/\"]}]},{\"@type\":\"ImageObject\",\"inLanguage\":\"ca\",\"@id\":\"https:\/\/www.paucostafoundation.org\/ca\/proyectos\/dia-de-la-prevencio-dincendis-forestals\/#primaryimage\",\"url\":\"https:\/\/www.paucostafoundation.org\/wp-content\/uploads\/2021\/11\/IMG_9729_edited.jpg\",\"contentUrl\":\"https:\/\/www.paucostafoundation.org\/wp-content\/uploads\/2021\/11\/IMG_9729_edited.jpg\",\"width\":2000,\"height\":1047},{\"@type\":\"BreadcrumbList\",\"@id\":\"https:\/\/www.paucostafoundation.org\/ca\/proyectos\/dia-de-la-prevencio-dincendis-forestals\/#breadcrumb\",\"itemListElement\":[{\"@type\":\"ListItem\",\"position\":1,\"name\":\"Inicio\",\"item\":\"https:\/\/www.paucostafoundation.org\/ca\/\"},{\"@type\":\"ListItem\",\"position\":2,\"name\":\"Proyectos\",\"item\":\"https:\/\/www.paucostafoundation.org\/ca\/proyectos\/\"},{\"@type\":\"ListItem\",\"position\":3,\"name\":\"Dia de la prevenci\u00f3 d&#8217;incendis forestals\"}]},{\"@type\":\"WebSite\",\"@id\":\"https:\/\/www.paucostafoundation.org\/ca\/#website\",\"url\":\"https:\/\/www.paucostafoundation.org\/ca\/\",\"name\":\"Pau Costa Foundation\",\"description\":\"CONCIENCIA E INVESTIGA LOS INCENDIOS FORESTALES\",\"publisher\":{\"@id\":\"https:\/\/www.paucostafoundation.org\/ca\/#organization\"},\"potentialAction\":[{\"@type\":\"SearchAction\",\"target\":{\"@type\":\"EntryPoint\",\"urlTemplate\":\"https:\/\/www.paucostafoundation.org\/ca\/?s={search_term_string}\"},\"query-input\":{\"@type\":\"PropertyValueSpecification\",\"valueRequired\":true,\"valueName\":\"search_term_string\"}}],\"inLanguage\":\"ca\"},{\"@type\":\"Organization\",\"@id\":\"https:\/\/www.paucostafoundation.org\/ca\/#organization\",\"name\":\"Pau Costa Foundation\",\"url\":\"https:\/\/www.paucostafoundation.org\/ca\/\",\"logo\":{\"@type\":\"ImageObject\",\"inLanguage\":\"ca\",\"@id\":\"https:\/\/www.paucostafoundation.org\/ca\/#\/schema\/logo\/image\/\",\"url\":\"https:\/\/paucostafoundation.digitalnature.es\/wp-content\/uploads\/2021\/06\/logo.png\",\"contentUrl\":\"https:\/\/paucostafoundation.digitalnature.es\/wp-content\/uploads\/2021\/06\/logo.png\",\"width\":873,\"height\":358,\"caption\":\"Pau Costa Foundation\"},\"image\":{\"@id\":\"https:\/\/www.paucostafoundation.org\/ca\/#\/schema\/logo\/image\/\"}}]}<\/script>\n<!-- \/ Yoast SEO plugin. -->","yoast_head_json":{"title":"Dia de la prevenci\u00f3 d'incendis forestals - Pau Costa Foundation","robots":{"index":"index","follow":"follow","max-snippet":"max-snippet:-1","max-image-preview":"max-image-preview:large","max-video-preview":"max-video-preview:-1"},"canonical":"https:\/\/www.paucostafoundation.org\/ca\/proyectos\/dia-de-la-prevencio-dincendis-forestals\/","og_locale":"ca_ES","og_type":"article","og_title":"Dia de la prevenci\u00f3 d'incendis forestals - Pau Costa Foundation","og_description":"Els Prepadness day o Dia de la Prevenci\u00f3 d&#8217;incendis forestals s\u00f3n jornades organitzades per als ve\u00efns\/es que viuen a urbanitzacions situades en entorns forestals, i que per tant tenen risc de patir un incendi forestal a prop dels seus habitatges. Diversos gestors del territori (bombers forestals, protecci\u00f3 civil, agents mediambientals\u2026) visiten els propietaris\/es a casa [&hellip;]","og_url":"https:\/\/www.paucostafoundation.org\/ca\/proyectos\/dia-de-la-prevencio-dincendis-forestals\/","og_site_name":"Pau Costa Foundation","article_modified_time":"2024-09-20T14:20:44+00:00","og_image":[{"width":2000,"height":1047,"url":"https:\/\/www.paucostafoundation.org\/wp-content\/uploads\/2021\/11\/IMG_9729_edited.jpg","type":"image\/jpeg"}],"twitter_card":"summary_large_image","twitter_misc":{"Temps estimat de lectura":"2 minuts"},"schema":{"@context":"https:\/\/schema.org","@graph":[{"@type":"WebPage","@id":"https:\/\/www.paucostafoundation.org\/ca\/proyectos\/dia-de-la-prevencio-dincendis-forestals\/","url":"https:\/\/www.paucostafoundation.org\/ca\/proyectos\/dia-de-la-prevencio-dincendis-forestals\/","name":"Dia de la prevenci\u00f3 d'incendis forestals - Pau Costa Foundation","isPartOf":{"@id":"https:\/\/www.paucostafoundation.org\/ca\/#website"},"primaryImageOfPage":{"@id":"https:\/\/www.paucostafoundation.org\/ca\/proyectos\/dia-de-la-prevencio-dincendis-forestals\/#primaryimage"},"image":{"@id":"https:\/\/www.paucostafoundation.org\/ca\/proyectos\/dia-de-la-prevencio-dincendis-forestals\/#primaryimage"},"thumbnailUrl":"https:\/\/www.paucostafoundation.org\/wp-content\/uploads\/2021\/11\/IMG_9729_edited.jpg","datePublished":"2024-09-20T14:20:42+00:00","dateModified":"2024-09-20T14:20:44+00:00","breadcrumb":{"@id":"https:\/\/www.paucostafoundation.org\/ca\/proyectos\/dia-de-la-prevencio-dincendis-forestals\/#breadcrumb"},"inLanguage":"ca","potentialAction":[{"@type":"ReadAction","target":["https:\/\/www.paucostafoundation.org\/ca\/proyectos\/dia-de-la-prevencio-dincendis-forestals\/"]}]},{"@type":"ImageObject","inLanguage":"ca","@id":"https:\/\/www.paucostafoundation.org\/ca\/proyectos\/dia-de-la-prevencio-dincendis-forestals\/#primaryimage","url":"https:\/\/www.paucostafoundation.org\/wp-content\/uploads\/2021\/11\/IMG_9729_edited.jpg","contentUrl":"https:\/\/www.paucostafoundation.org\/wp-content\/uploads\/2021\/11\/IMG_9729_edited.jpg","width":2000,"height":1047},{"@type":"BreadcrumbList","@id":"https:\/\/www.paucostafoundation.org\/ca\/proyectos\/dia-de-la-prevencio-dincendis-forestals\/#breadcrumb","itemListElement":[{"@type":"ListItem","position":1,"name":"Inicio","item":"https:\/\/www.paucostafoundation.org\/ca\/"},{"@type":"ListItem","position":2,"name":"Proyectos","item":"https:\/\/www.paucostafoundation.org\/ca\/proyectos\/"},{"@type":"ListItem","position":3,"name":"Dia de la prevenci\u00f3 d&#8217;incendis forestals"}]},{"@type":"WebSite","@id":"https:\/\/www.paucostafoundation.org\/ca\/#website","url":"https:\/\/www.paucostafoundation.org\/ca\/","name":"Pau Costa Foundation","description":"CONCIENCIA E INVESTIGA LOS INCENDIOS FORESTALES","publisher":{"@id":"https:\/\/www.paucostafoundation.org\/ca\/#organization"},"potentialAction":[{"@type":"SearchAction","target":{"@type":"EntryPoint","urlTemplate":"https:\/\/www.paucostafoundation.org\/ca\/?s={search_term_string}"},"query-input":{"@type":"PropertyValueSpecification","valueRequired":true,"valueName":"search_term_string"}}],"inLanguage":"ca"},{"@type":"Organization","@id":"https:\/\/www.paucostafoundation.org\/ca\/#organization","name":"Pau Costa Foundation","url":"https:\/\/www.paucostafoundation.org\/ca\/","logo":{"@type":"ImageObject","inLanguage":"ca","@id":"https:\/\/www.paucostafoundation.org\/ca\/#\/schema\/logo\/image\/","url":"https:\/\/paucostafoundation.digitalnature.es\/wp-content\/uploads\/2021\/06\/logo.png","contentUrl":"https:\/\/paucostafoundation.digitalnature.es\/wp-content\/uploads\/2021\/06\/logo.png","width":873,"height":358,"caption":"Pau Costa Foundation"},"image":{"@id":"https:\/\/www.paucostafoundation.org\/ca\/#\/schema\/logo\/image\/"}}]}},"_links":{"self":[{"href":"https:\/\/www.paucostafoundation.org\/ca\/wp-json\/wp\/v2\/proyectos\/17857","targetHints":{"allow":["GET"]}}],"collection":[{"href":"https:\/\/www.paucostafoundation.org\/ca\/wp-json\/wp\/v2\/proyectos"}],"about":[{"href":"https:\/\/www.paucostafoundation.org\/ca\/wp-json\/wp\/v2\/types\/proyectos"}],"wp:featuredmedia":[{"embeddable":true,"href":"https:\/\/www.paucostafoundation.org\/ca\/wp-json\/wp\/v2\/media\/3516"}],"wp:attachment":[{"href":"https:\/\/www.paucostafoundation.org\/ca\/wp-json\/wp\/v2\/media?parent=17857"}],"wp:term":[{"taxonomy":"tipos-de-proyecto","embeddable":true,"href":"https:\/\/www.paucostafoundation.org\/ca\/wp-json\/wp\/v2\/tipos-de-proyecto?post=17857"}],"curies":[{"name":"wp","href":"https:\/\/api.w.org\/{rel}","templated":true}]}}