{"id":17761,"date":"2024-09-13T10:53:58","date_gmt":"2024-09-13T10:53:58","guid":{"rendered":"https:\/\/www.paucostafoundation.org\/?post_type=proyectos&#038;p=17761"},"modified":"2024-09-13T10:54:04","modified_gmt":"2024-09-13T10:54:04","slug":"rumiar","status":"publish","type":"proyectos","link":"https:\/\/www.paucostafoundation.org\/ca\/proyectos\/rumiar\/","title":{"rendered":"RUMIAR"},"content":{"rendered":"\n<p><em>El Mosaic agroforestal a l&#8217;espai d&#8217;inter\u00e8s natural de Muntanyes de Prades: Resili\u00e8ncia davant dels grans incendis i l&#8217;oportunitat per a la bioeconomia local.<\/em><\/p>\n\n\n\n<p>RUMIAR \u00e9s un projecte innovador que t\u00e9 com a objectiu generar un paisatge resilient davant dels grans incendis forestals i promoure la bioeconomia forestal com a motor econ\u00f2mic i social a l&#8217;\u00e0mbit rural, mitjan\u00e7ant la creaci\u00f3 d&#8217;un mosaic agroforestal.<\/p>\n\n\n\n<p>El projecte es desenvolupar\u00e0 a les muntanyes de Prades, espai protegit de Red Natura 2000 i \u00fanic amb activitat pastoril de la muntanya de Tarragona, que actualment es troba en alt risc per grans incendis. Concretament s&#8217;abordar\u00e0 una superf\u00edcie de 503 hect\u00e0rees a 11 zones estrat\u00e8giques de prevenci\u00f3 d&#8217;incendis repartides pel mass\u00eds per tal de crear \u00e0mplies zones de tallafoc mitjan\u00e7ant la creaci\u00f3 de mosaics agroforestals.<\/p>\n\n\n\n<p>Aquesta transformaci\u00f3 del territori afavorir\u00e0 un espai d&#8217;oportunitats de desenvolupament social i econ\u00f2mic basat en els recursos locals de la bioeconomia forestal. El projecte tamb\u00e9 promour\u00e0 el desenvolupament rural a trav\u00e9s de llocs de treball verd i els serveis ecosist\u00e8mics, donant protagonisme a la ramaderia extensiva i enfortint la cadena de valor del producte local. A m\u00e9s, implementar\u00e0 mesures que promoguin l&#8217;atracci\u00f3 i la retenci\u00f3 de poblaci\u00f3 a la regi\u00f3.<\/p>\n\n\n\n<p>Finalment, l&#8217;enfocament hol\u00edstic de RUMIAR sobre aspectes claus com la conservaci\u00f3 de la biodiversitat, la bioeconomia forestal, l&#8217;adaptaci\u00f3 i la resili\u00e8ncia al canvi clim\u00e0tic i el desenvolupament socioecon\u00f2mic permetr\u00e0 que les accions puguin ser ajustades i adaptades a posteriori a diferents contextos geogr\u00e0fics i socioculturals , responent a les necessitats i particularitats de cada territori.<\/p>\n\n\n\n<p>RUMIAR compta amb el suport de la <a href=\"https:\/\/fundacion-biodiversidad.es\/\">Fundaci\u00f3n Biodiversidad<\/a> del <a href=\"https:\/\/www.miteco.gob.es\/es.html\">Ministerio para la Transici\u00f3n Ecol\u00f3gica y el Reto Demogr\u00e1fico (MITECO)<\/a> en el marc del <a href=\"https:\/\/www.fondoseuropeos.hacienda.gob.es\/sitios\/dgpmrr\/ca-es\/paginas\/plan.aspx\">Plan de Recuperaci\u00f3n, Transformaci\u00f3n y Resiliencia (PRTR)<\/a>, finan\u00e7at per la <a href=\"https:\/\/next-generation-eu.europa.eu\/index_en\">Uni\u00f3 Europea \u2013 Next GenerationEU<\/a>.<\/p>\n\n\n\n<figure class=\"wp-block-image size-large\"><a href=\"https:\/\/www.paucostafoundation.org\/wp-content\/uploads\/2024\/03\/VICE3MTERDFBPRTRNEXT_Bandera_Color-1024x70.png\"><img fetchpriority=\"high\" decoding=\"async\" width=\"1024\" height=\"70\" src=\"https:\/\/www.paucostafoundation.org\/wp-content\/uploads\/2024\/03\/VICE3MTERDFBPRTRNEXT_Bandera_Color-1024x70.png\" alt=\"\" class=\"wp-image-15690\" srcset=\"https:\/\/www.paucostafoundation.org\/wp-content\/uploads\/2024\/03\/VICE3MTERDFBPRTRNEXT_Bandera_Color-1024x70.png 1024w, https:\/\/www.paucostafoundation.org\/wp-content\/uploads\/2024\/03\/VICE3MTERDFBPRTRNEXT_Bandera_Color-300x21.png 300w, https:\/\/www.paucostafoundation.org\/wp-content\/uploads\/2024\/03\/VICE3MTERDFBPRTRNEXT_Bandera_Color-768x53.png 768w, https:\/\/www.paucostafoundation.org\/wp-content\/uploads\/2024\/03\/VICE3MTERDFBPRTRNEXT_Bandera_Color-1536x106.png 1536w, https:\/\/www.paucostafoundation.org\/wp-content\/uploads\/2024\/03\/VICE3MTERDFBPRTRNEXT_Bandera_Color-2048x141.png 2048w, https:\/\/www.paucostafoundation.org\/wp-content\/uploads\/2024\/03\/VICE3MTERDFBPRTRNEXT_Bandera_Color-600x41.png 600w\" sizes=\"(max-width: 1024px) 100vw, 1024px\" \/><\/a><\/figure>\n","protected":false},"featured_media":17491,"template":"","meta":{"_acf_changed":false,"give_campaign_id":0},"tipos-de-proyecto":[],"class_list":["post-17761","proyectos","type-proyectos","status-publish","has-post-thumbnail","hentry"],"acf":[],"yoast_head":"<!-- This site is optimized with the Yoast SEO plugin v26.3 - https:\/\/yoast.com\/wordpress\/plugins\/seo\/ -->\n<title>RUMIAR - Pau Costa Foundation<\/title>\n<meta name=\"robots\" content=\"index, follow, max-snippet:-1, max-image-preview:large, max-video-preview:-1\" \/>\n<link rel=\"canonical\" href=\"https:\/\/www.paucostafoundation.org\/ca\/proyectos\/rumiar\/\" \/>\n<meta property=\"og:locale\" content=\"ca_ES\" \/>\n<meta property=\"og:type\" content=\"article\" \/>\n<meta property=\"og:title\" content=\"RUMIAR - Pau Costa Foundation\" \/>\n<meta property=\"og:description\" content=\"El Mosaic agroforestal a l&#8217;espai d&#8217;inter\u00e8s natural de Muntanyes de Prades: Resili\u00e8ncia davant dels grans incendis i l&#8217;oportunitat per a la bioeconomia local. RUMIAR \u00e9s un projecte innovador que t\u00e9 com a objectiu generar un paisatge resilient davant dels grans incendis forestals i promoure la bioeconomia forestal com a motor econ\u00f2mic i social a l&#8217;\u00e0mbit [&hellip;]\" \/>\n<meta property=\"og:url\" content=\"https:\/\/www.paucostafoundation.org\/ca\/proyectos\/rumiar\/\" \/>\n<meta property=\"og:site_name\" content=\"Pau Costa Foundation\" \/>\n<meta property=\"article:modified_time\" content=\"2024-09-13T10:54:04+00:00\" \/>\n<meta property=\"og:image\" content=\"https:\/\/www.paucostafoundation.org\/wp-content\/uploads\/2024\/08\/Rumiar_web2.jpg\" \/>\n\t<meta property=\"og:image:width\" content=\"600\" \/>\n\t<meta property=\"og:image:height\" content=\"354\" \/>\n\t<meta property=\"og:image:type\" content=\"image\/jpeg\" \/>\n<meta name=\"twitter:card\" content=\"summary_large_image\" \/>\n<meta name=\"twitter:label1\" content=\"Temps estimat de lectura\" \/>\n\t<meta name=\"twitter:data1\" content=\"2 minuts\" \/>\n<script type=\"application\/ld+json\" class=\"yoast-schema-graph\">{\"@context\":\"https:\/\/schema.org\",\"@graph\":[{\"@type\":\"WebPage\",\"@id\":\"https:\/\/www.paucostafoundation.org\/ca\/proyectos\/rumiar\/\",\"url\":\"https:\/\/www.paucostafoundation.org\/ca\/proyectos\/rumiar\/\",\"name\":\"RUMIAR - Pau Costa Foundation\",\"isPartOf\":{\"@id\":\"https:\/\/www.paucostafoundation.org\/ca\/#website\"},\"primaryImageOfPage\":{\"@id\":\"https:\/\/www.paucostafoundation.org\/ca\/proyectos\/rumiar\/#primaryimage\"},\"image\":{\"@id\":\"https:\/\/www.paucostafoundation.org\/ca\/proyectos\/rumiar\/#primaryimage\"},\"thumbnailUrl\":\"https:\/\/www.paucostafoundation.org\/wp-content\/uploads\/2024\/08\/Rumiar_web2.jpg\",\"datePublished\":\"2024-09-13T10:53:58+00:00\",\"dateModified\":\"2024-09-13T10:54:04+00:00\",\"breadcrumb\":{\"@id\":\"https:\/\/www.paucostafoundation.org\/ca\/proyectos\/rumiar\/#breadcrumb\"},\"inLanguage\":\"ca\",\"potentialAction\":[{\"@type\":\"ReadAction\",\"target\":[\"https:\/\/www.paucostafoundation.org\/ca\/proyectos\/rumiar\/\"]}]},{\"@type\":\"ImageObject\",\"inLanguage\":\"ca\",\"@id\":\"https:\/\/www.paucostafoundation.org\/ca\/proyectos\/rumiar\/#primaryimage\",\"url\":\"https:\/\/www.paucostafoundation.org\/wp-content\/uploads\/2024\/08\/Rumiar_web2.jpg\",\"contentUrl\":\"https:\/\/www.paucostafoundation.org\/wp-content\/uploads\/2024\/08\/Rumiar_web2.jpg\",\"width\":600,\"height\":354},{\"@type\":\"BreadcrumbList\",\"@id\":\"https:\/\/www.paucostafoundation.org\/ca\/proyectos\/rumiar\/#breadcrumb\",\"itemListElement\":[{\"@type\":\"ListItem\",\"position\":1,\"name\":\"Inicio\",\"item\":\"https:\/\/www.paucostafoundation.org\/ca\/\"},{\"@type\":\"ListItem\",\"position\":2,\"name\":\"Proyectos\",\"item\":\"https:\/\/www.paucostafoundation.org\/ca\/proyectos\/\"},{\"@type\":\"ListItem\",\"position\":3,\"name\":\"RUMIAR\"}]},{\"@type\":\"WebSite\",\"@id\":\"https:\/\/www.paucostafoundation.org\/ca\/#website\",\"url\":\"https:\/\/www.paucostafoundation.org\/ca\/\",\"name\":\"Pau Costa Foundation\",\"description\":\"CONCIENCIA E INVESTIGA LOS INCENDIOS FORESTALES\",\"publisher\":{\"@id\":\"https:\/\/www.paucostafoundation.org\/ca\/#organization\"},\"potentialAction\":[{\"@type\":\"SearchAction\",\"target\":{\"@type\":\"EntryPoint\",\"urlTemplate\":\"https:\/\/www.paucostafoundation.org\/ca\/?s={search_term_string}\"},\"query-input\":{\"@type\":\"PropertyValueSpecification\",\"valueRequired\":true,\"valueName\":\"search_term_string\"}}],\"inLanguage\":\"ca\"},{\"@type\":\"Organization\",\"@id\":\"https:\/\/www.paucostafoundation.org\/ca\/#organization\",\"name\":\"Pau Costa Foundation\",\"url\":\"https:\/\/www.paucostafoundation.org\/ca\/\",\"logo\":{\"@type\":\"ImageObject\",\"inLanguage\":\"ca\",\"@id\":\"https:\/\/www.paucostafoundation.org\/ca\/#\/schema\/logo\/image\/\",\"url\":\"https:\/\/paucostafoundation.digitalnature.es\/wp-content\/uploads\/2021\/06\/logo.png\",\"contentUrl\":\"https:\/\/paucostafoundation.digitalnature.es\/wp-content\/uploads\/2021\/06\/logo.png\",\"width\":873,\"height\":358,\"caption\":\"Pau Costa Foundation\"},\"image\":{\"@id\":\"https:\/\/www.paucostafoundation.org\/ca\/#\/schema\/logo\/image\/\"}}]}<\/script>\n<!-- \/ Yoast SEO plugin. -->","yoast_head_json":{"title":"RUMIAR - Pau Costa Foundation","robots":{"index":"index","follow":"follow","max-snippet":"max-snippet:-1","max-image-preview":"max-image-preview:large","max-video-preview":"max-video-preview:-1"},"canonical":"https:\/\/www.paucostafoundation.org\/ca\/proyectos\/rumiar\/","og_locale":"ca_ES","og_type":"article","og_title":"RUMIAR - Pau Costa Foundation","og_description":"El Mosaic agroforestal a l&#8217;espai d&#8217;inter\u00e8s natural de Muntanyes de Prades: Resili\u00e8ncia davant dels grans incendis i l&#8217;oportunitat per a la bioeconomia local. RUMIAR \u00e9s un projecte innovador que t\u00e9 com a objectiu generar un paisatge resilient davant dels grans incendis forestals i promoure la bioeconomia forestal com a motor econ\u00f2mic i social a l&#8217;\u00e0mbit [&hellip;]","og_url":"https:\/\/www.paucostafoundation.org\/ca\/proyectos\/rumiar\/","og_site_name":"Pau Costa Foundation","article_modified_time":"2024-09-13T10:54:04+00:00","og_image":[{"width":600,"height":354,"url":"https:\/\/www.paucostafoundation.org\/wp-content\/uploads\/2024\/08\/Rumiar_web2.jpg","type":"image\/jpeg"}],"twitter_card":"summary_large_image","twitter_misc":{"Temps estimat de lectura":"2 minuts"},"schema":{"@context":"https:\/\/schema.org","@graph":[{"@type":"WebPage","@id":"https:\/\/www.paucostafoundation.org\/ca\/proyectos\/rumiar\/","url":"https:\/\/www.paucostafoundation.org\/ca\/proyectos\/rumiar\/","name":"RUMIAR - Pau Costa Foundation","isPartOf":{"@id":"https:\/\/www.paucostafoundation.org\/ca\/#website"},"primaryImageOfPage":{"@id":"https:\/\/www.paucostafoundation.org\/ca\/proyectos\/rumiar\/#primaryimage"},"image":{"@id":"https:\/\/www.paucostafoundation.org\/ca\/proyectos\/rumiar\/#primaryimage"},"thumbnailUrl":"https:\/\/www.paucostafoundation.org\/wp-content\/uploads\/2024\/08\/Rumiar_web2.jpg","datePublished":"2024-09-13T10:53:58+00:00","dateModified":"2024-09-13T10:54:04+00:00","breadcrumb":{"@id":"https:\/\/www.paucostafoundation.org\/ca\/proyectos\/rumiar\/#breadcrumb"},"inLanguage":"ca","potentialAction":[{"@type":"ReadAction","target":["https:\/\/www.paucostafoundation.org\/ca\/proyectos\/rumiar\/"]}]},{"@type":"ImageObject","inLanguage":"ca","@id":"https:\/\/www.paucostafoundation.org\/ca\/proyectos\/rumiar\/#primaryimage","url":"https:\/\/www.paucostafoundation.org\/wp-content\/uploads\/2024\/08\/Rumiar_web2.jpg","contentUrl":"https:\/\/www.paucostafoundation.org\/wp-content\/uploads\/2024\/08\/Rumiar_web2.jpg","width":600,"height":354},{"@type":"BreadcrumbList","@id":"https:\/\/www.paucostafoundation.org\/ca\/proyectos\/rumiar\/#breadcrumb","itemListElement":[{"@type":"ListItem","position":1,"name":"Inicio","item":"https:\/\/www.paucostafoundation.org\/ca\/"},{"@type":"ListItem","position":2,"name":"Proyectos","item":"https:\/\/www.paucostafoundation.org\/ca\/proyectos\/"},{"@type":"ListItem","position":3,"name":"RUMIAR"}]},{"@type":"WebSite","@id":"https:\/\/www.paucostafoundation.org\/ca\/#website","url":"https:\/\/www.paucostafoundation.org\/ca\/","name":"Pau Costa Foundation","description":"CONCIENCIA E INVESTIGA LOS INCENDIOS FORESTALES","publisher":{"@id":"https:\/\/www.paucostafoundation.org\/ca\/#organization"},"potentialAction":[{"@type":"SearchAction","target":{"@type":"EntryPoint","urlTemplate":"https:\/\/www.paucostafoundation.org\/ca\/?s={search_term_string}"},"query-input":{"@type":"PropertyValueSpecification","valueRequired":true,"valueName":"search_term_string"}}],"inLanguage":"ca"},{"@type":"Organization","@id":"https:\/\/www.paucostafoundation.org\/ca\/#organization","name":"Pau Costa Foundation","url":"https:\/\/www.paucostafoundation.org\/ca\/","logo":{"@type":"ImageObject","inLanguage":"ca","@id":"https:\/\/www.paucostafoundation.org\/ca\/#\/schema\/logo\/image\/","url":"https:\/\/paucostafoundation.digitalnature.es\/wp-content\/uploads\/2021\/06\/logo.png","contentUrl":"https:\/\/paucostafoundation.digitalnature.es\/wp-content\/uploads\/2021\/06\/logo.png","width":873,"height":358,"caption":"Pau Costa Foundation"},"image":{"@id":"https:\/\/www.paucostafoundation.org\/ca\/#\/schema\/logo\/image\/"}}]}},"_links":{"self":[{"href":"https:\/\/www.paucostafoundation.org\/ca\/wp-json\/wp\/v2\/proyectos\/17761","targetHints":{"allow":["GET"]}}],"collection":[{"href":"https:\/\/www.paucostafoundation.org\/ca\/wp-json\/wp\/v2\/proyectos"}],"about":[{"href":"https:\/\/www.paucostafoundation.org\/ca\/wp-json\/wp\/v2\/types\/proyectos"}],"wp:featuredmedia":[{"embeddable":true,"href":"https:\/\/www.paucostafoundation.org\/ca\/wp-json\/wp\/v2\/media\/17491"}],"wp:attachment":[{"href":"https:\/\/www.paucostafoundation.org\/ca\/wp-json\/wp\/v2\/media?parent=17761"}],"wp:term":[{"taxonomy":"tipos-de-proyecto","embeddable":true,"href":"https:\/\/www.paucostafoundation.org\/ca\/wp-json\/wp\/v2\/tipos-de-proyecto?post=17761"}],"curies":[{"name":"wp","href":"https:\/\/api.w.org\/{rel}","templated":true}]}}