{"id":24701,"date":"2026-09-01T09:49:32","date_gmt":"2026-09-01T09:49:32","guid":{"rendered":"https:\/\/www.paucostafoundation.org\/?page_id=24701"},"modified":"2026-09-02T10:33:32","modified_gmt":"2026-09-02T10:33:32","slug":"divulgacio","status":"publish","type":"page","link":"https:\/\/www.paucostafoundation.org\/ca\/divulgacio\/","title":{"rendered":"Divulgaci\u00f3"},"content":{"rendered":"\n<p>En aquest espai trobar\u00e0s articles que apropen el coneixement cient\u00edfic i t\u00e8cnic sobre els incendis forestals i la gesti\u00f3 del risc d&#8217;incendi i la conservaci\u00f3 del paisatge. Els continguts estan pensats per facilitar la comprensi\u00f3 de processos complexos i contribuir a una millor connexi\u00f3 entra el coneixement i la societat.<\/p>\n\n\n\n<p><\/p>\n\n\n\n<p><\/p>\n\n\n\n<p><\/p>\n\n\n\n<div class=\"wp-block-query is-layout-flow wp-block-query-is-layout-flow\"><ul class=\"wp-block-post-template is-layout-flow wp-block-post-template-is-layout-flow\"><li class=\"wp-block-post post-25221 post type-post status-publish format-standard has-post-thumbnail hentry category-actualidad-ca category-articles-divulgatius category-blog-ca\">\n\n<div class=\"wp-block-columns alignwide is-layout-flex wp-container-core-columns-is-layout-1 wp-block-columns-is-layout-flex\">\n<div class=\"wp-block-column is-layout-flow wp-block-column-is-layout-flow\" style=\"flex-basis:66.66%\"><figure class=\"wp-block-post-featured-image\"><a href=\"https:\/\/www.paucostafoundation.org\/ca\/el-paisatge-en-mosaic-i-els-grans-incendis-forestals\/\" target=\"_self\"  ><img fetchpriority=\"high\" decoding=\"async\" width=\"2560\" height=\"854\" src=\"https:\/\/www.paucostafoundation.org\/wp-content\/uploads\/2026\/08\/Sense-titol-2560-x-854-px.jpg\" class=\"attachment-post-thumbnail size-post-thumbnail wp-post-image\" alt=\"El paisatge en mosaic i els grans incendis forestals\" style=\"object-fit:cover;\" srcset=\"https:\/\/www.paucostafoundation.org\/wp-content\/uploads\/2026\/08\/Sense-titol-2560-x-854-px.jpg 2560w, https:\/\/www.paucostafoundation.org\/wp-content\/uploads\/2026\/08\/Sense-titol-2560-x-854-px-300x100.jpg 300w, https:\/\/www.paucostafoundation.org\/wp-content\/uploads\/2026\/08\/Sense-titol-2560-x-854-px-1024x342.jpg 1024w, https:\/\/www.paucostafoundation.org\/wp-content\/uploads\/2026\/08\/Sense-titol-2560-x-854-px-768x256.jpg 768w, https:\/\/www.paucostafoundation.org\/wp-content\/uploads\/2026\/08\/Sense-titol-2560-x-854-px-1536x512.jpg 1536w, https:\/\/www.paucostafoundation.org\/wp-content\/uploads\/2026\/08\/Sense-titol-2560-x-854-px-2048x683.jpg 2048w, https:\/\/www.paucostafoundation.org\/wp-content\/uploads\/2026\/08\/Sense-titol-2560-x-854-px-600x200.jpg 600w\" sizes=\"(max-width: 2560px) 100vw, 2560px\" \/><\/a><\/figure><\/div>\n\n\n\n<div class=\"wp-block-column is-layout-flow wp-block-column-is-layout-flow\" style=\"flex-basis:33.33%\"><h2 class=\"wp-block-post-title\"><a href=\"https:\/\/www.paucostafoundation.org\/ca\/el-paisatge-en-mosaic-i-els-grans-incendis-forestals\/\" target=\"_self\" >El paisatge en mosaic i els grans incendis forestals<\/a><\/h2>\n\n<div class=\"wp-block-post-excerpt\"><p class=\"wp-block-post-excerpt__excerpt\">Arran dels darrers incendis d\u2019aquest 2026 a Espanya, ha sorgit un debat a les xarxes socials sobre l\u2019efic\u00e0cia del paisatge en mosaic com a eina per gestionar els incendis forestals. Algunes veus han plantejat la q\u00fcesti\u00f3 seg\u00fcent: si el mosaic agroforestal contribueix a reduir la propagaci\u00f3 del foc i facilita les tasques d\u2019extinci\u00f3, per qu\u00e8&hellip; <\/p><\/div><\/div>\n<\/div>\n\n<\/li><li class=\"wp-block-post post-24057 post type-post status-publish format-standard has-post-thumbnail hentry category-articles-divulgatius category-blog-ca\">\n\n<div class=\"wp-block-columns alignwide is-layout-flex wp-container-core-columns-is-layout-2 wp-block-columns-is-layout-flex\">\n<div class=\"wp-block-column is-layout-flow wp-block-column-is-layout-flow\" style=\"flex-basis:66.66%\"><figure class=\"wp-block-post-featured-image\"><a href=\"https:\/\/www.paucostafoundation.org\/ca\/sabies-que-a-espanya-la-majoria-dels-incendis-forestals-passen-al-nord-oest\/\" target=\"_self\"  ><img decoding=\"async\" width=\"2560\" height=\"854\" src=\"https:\/\/www.paucostafoundation.org\/wp-content\/uploads\/2026\/03\/Headerweb_v3-19-19-scaled.jpg\" class=\"attachment-post-thumbnail size-post-thumbnail wp-post-image\" alt=\"Sabies que a Espanya la majoria dels incendis forestals passen al nord-oest?\" style=\"object-fit:cover;\" srcset=\"https:\/\/www.paucostafoundation.org\/wp-content\/uploads\/2026\/03\/Headerweb_v3-19-19-scaled.jpg 2560w, https:\/\/www.paucostafoundation.org\/wp-content\/uploads\/2026\/03\/Headerweb_v3-19-19-300x100.jpg 300w, https:\/\/www.paucostafoundation.org\/wp-content\/uploads\/2026\/03\/Headerweb_v3-19-19-1024x342.jpg 1024w, https:\/\/www.paucostafoundation.org\/wp-content\/uploads\/2026\/03\/Headerweb_v3-19-19-768x256.jpg 768w, https:\/\/www.paucostafoundation.org\/wp-content\/uploads\/2026\/03\/Headerweb_v3-19-19-1536x512.jpg 1536w, https:\/\/www.paucostafoundation.org\/wp-content\/uploads\/2026\/03\/Headerweb_v3-19-19-2048x683.jpg 2048w, https:\/\/www.paucostafoundation.org\/wp-content\/uploads\/2026\/03\/Headerweb_v3-19-19-600x200.jpg 600w\" sizes=\"(max-width: 2560px) 100vw, 2560px\" \/><\/a><\/figure><\/div>\n\n\n\n<div class=\"wp-block-column is-layout-flow wp-block-column-is-layout-flow\" style=\"flex-basis:33.33%\"><h2 class=\"wp-block-post-title\"><a href=\"https:\/\/www.paucostafoundation.org\/ca\/sabies-que-a-espanya-la-majoria-dels-incendis-forestals-passen-al-nord-oest\/\" target=\"_self\" >Sabies que a Espanya la majoria dels incendis forestals passen al nord-oest?<\/a><\/h2>\n\n<div class=\"wp-block-post-excerpt\"><p class=\"wp-block-post-excerpt__excerpt\">Si ens pregunten on passen m\u00e9s incendis forestals a Espanya, probablement pensarem en la zona mediterr\u00e0nia, pel seu clima c\u00e0lid i sec. Tanmateix, la realitat \u00e9s una altra: \u00e9s el nord-oest de la pen\u00ednsula el que lidera les estad\u00edstiques d\u2019incendis forestals. Per\u00f2, per qu\u00e8 passa aix\u00f2? T\u2019ho expliquem a continuaci\u00f3. El nord-oest peninsular i les&hellip; <\/p><\/div><\/div>\n<\/div>\n\n<\/li><li class=\"wp-block-post post-22408 post type-post status-publish format-standard has-post-thumbnail hentry category-actualidad-ca category-articles-divulgatius category-blog-ca\">\n\n<div class=\"wp-block-columns alignwide is-layout-flex wp-container-core-columns-is-layout-3 wp-block-columns-is-layout-flex\">\n<div class=\"wp-block-column is-layout-flow wp-block-column-is-layout-flow\" style=\"flex-basis:66.66%\"><figure class=\"wp-block-post-featured-image\"><a href=\"https:\/\/www.paucostafoundation.org\/ca\/que-entenem-per-ecologia-del-foc\/\" target=\"_self\"  ><img decoding=\"async\" width=\"1280\" height=\"267\" src=\"https:\/\/www.paucostafoundation.org\/wp-content\/uploads\/2025\/10\/EcologiaDelFoc_v3_web_capcalera_senseperdiu.jpg\" class=\"attachment-post-thumbnail size-post-thumbnail wp-post-image\" alt=\"Qu\u00e8 entenem per ecologia del foc?\" style=\"object-fit:cover;\" srcset=\"https:\/\/www.paucostafoundation.org\/wp-content\/uploads\/2025\/10\/EcologiaDelFoc_v3_web_capcalera_senseperdiu.jpg 1280w, https:\/\/www.paucostafoundation.org\/wp-content\/uploads\/2025\/10\/EcologiaDelFoc_v3_web_capcalera_senseperdiu-300x63.jpg 300w, https:\/\/www.paucostafoundation.org\/wp-content\/uploads\/2025\/10\/EcologiaDelFoc_v3_web_capcalera_senseperdiu-1024x214.jpg 1024w, https:\/\/www.paucostafoundation.org\/wp-content\/uploads\/2025\/10\/EcologiaDelFoc_v3_web_capcalera_senseperdiu-768x160.jpg 768w, https:\/\/www.paucostafoundation.org\/wp-content\/uploads\/2025\/10\/EcologiaDelFoc_v3_web_capcalera_senseperdiu-600x125.jpg 600w\" sizes=\"(max-width: 1280px) 100vw, 1280px\" \/><\/a><\/figure><\/div>\n\n\n\n<div class=\"wp-block-column is-layout-flow wp-block-column-is-layout-flow\" style=\"flex-basis:33.33%\"><h2 class=\"wp-block-post-title\"><a href=\"https:\/\/www.paucostafoundation.org\/ca\/que-entenem-per-ecologia-del-foc\/\" target=\"_self\" >Qu\u00e8 entenem per ecologia del foc?<\/a><\/h2>\n\n<div class=\"wp-block-post-excerpt\"><p class=\"wp-block-post-excerpt__excerpt\">Tradicionalment, els incendis forestals s&#8217;han percebut \u00fanicament com a fen\u00f2mens destructius. Tot i aix\u00f2, aquesta visi\u00f3 s&#8217;ha anat reformulant gr\u00e0cies a la contribuci\u00f3 de la ci\u00e8ncia que constata que el foc tamb\u00e9 compleix un paper fonamental com a proc\u00e9s ecol\u00f2gic. D&#8217;aix\u00f2 se n&#8217;encarrega l&#8217;ecologia del foc, una disciplina que estudia el foc com un proc\u00e9s&hellip; <\/p><\/div><\/div>\n<\/div>\n\n<\/li><li class=\"wp-block-post post-20971 post type-post status-publish format-standard has-post-thumbnail hentry category-articles-divulgatius category-blog-ca\">\n\n<div class=\"wp-block-columns alignwide is-layout-flex wp-container-core-columns-is-layout-4 wp-block-columns-is-layout-flex\">\n<div class=\"wp-block-column is-layout-flow wp-block-column-is-layout-flow\" style=\"flex-basis:66.66%\"><figure class=\"wp-block-post-featured-image\"><a href=\"https:\/\/www.paucostafoundation.org\/ca\/quines-unitats-dintervencio-hi-ha-a-espanya-per-fer-front-a-una-emergencia-per-incendi-forestal-ajudans-a-completar-la-informacio\/\" target=\"_self\"  ><img loading=\"lazy\" decoding=\"async\" width=\"2560\" height=\"1024\" src=\"https:\/\/www.paucostafoundation.org\/wp-content\/uploads\/2025\/03\/UNITATS-OPERATIVES-DIVULGATIU_capcalera-scaled.jpg\" class=\"attachment-post-thumbnail size-post-thumbnail wp-post-image\" alt=\"Quines unitats d&#8217;intervenci\u00f3 hi ha a Espanya per fer front a una emerg\u00e8ncia per incendi forestal? Ajuda&#8217;ns a completar la informaci\u00f3!\" style=\"object-fit:cover;\" srcset=\"https:\/\/www.paucostafoundation.org\/wp-content\/uploads\/2025\/03\/UNITATS-OPERATIVES-DIVULGATIU_capcalera-scaled.jpg 2560w, https:\/\/www.paucostafoundation.org\/wp-content\/uploads\/2025\/03\/UNITATS-OPERATIVES-DIVULGATIU_capcalera-300x120.jpg 300w, https:\/\/www.paucostafoundation.org\/wp-content\/uploads\/2025\/03\/UNITATS-OPERATIVES-DIVULGATIU_capcalera-1024x410.jpg 1024w, https:\/\/www.paucostafoundation.org\/wp-content\/uploads\/2025\/03\/UNITATS-OPERATIVES-DIVULGATIU_capcalera-768x307.jpg 768w, https:\/\/www.paucostafoundation.org\/wp-content\/uploads\/2025\/03\/UNITATS-OPERATIVES-DIVULGATIU_capcalera-1536x614.jpg 1536w, https:\/\/www.paucostafoundation.org\/wp-content\/uploads\/2025\/03\/UNITATS-OPERATIVES-DIVULGATIU_capcalera-2048x819.jpg 2048w, https:\/\/www.paucostafoundation.org\/wp-content\/uploads\/2025\/03\/UNITATS-OPERATIVES-DIVULGATIU_capcalera-600x240.jpg 600w\" sizes=\"(max-width: 2560px) 100vw, 2560px\" \/><\/a><\/figure><\/div>\n\n\n\n<div class=\"wp-block-column is-layout-flow wp-block-column-is-layout-flow\" style=\"flex-basis:33.33%\"><h2 class=\"wp-block-post-title\"><a href=\"https:\/\/www.paucostafoundation.org\/ca\/quines-unitats-dintervencio-hi-ha-a-espanya-per-fer-front-a-una-emergencia-per-incendi-forestal-ajudans-a-completar-la-informacio\/\" target=\"_self\" >Quines unitats d&#8217;intervenci\u00f3 hi ha a Espanya per fer front a una emerg\u00e8ncia per incendi forestal? Ajuda&#8217;ns a completar la informaci\u00f3!<\/a><\/h2>\n\n<div class=\"wp-block-post-excerpt\"><p class=\"wp-block-post-excerpt__excerpt\">Durant una emerg\u00e8ncia per incendi forestal a Espanya intervenen les denominades unitats d&#8217;intervenci\u00f3, les quals estan formades per personal especialitzat en incendis forestals vinculat a institucions o organitzacions i que desenvolupa les seves tasques de manera coordinada, tal com expliquem al nostre article sobre com es gestiona una emerg\u00e8ncia per incendi forestal. Ara ens hem&hellip; <\/p><\/div><\/div>\n<\/div>\n\n<\/li><li class=\"wp-block-post post-18988 post type-post status-publish format-standard has-post-thumbnail hentry category-articles-divulgatius category-blog-ca\">\n\n<div class=\"wp-block-columns alignwide is-layout-flex wp-container-core-columns-is-layout-5 wp-block-columns-is-layout-flex\">\n<div class=\"wp-block-column is-layout-flow wp-block-column-is-layout-flow\" style=\"flex-basis:66.66%\"><figure class=\"wp-block-post-featured-image\"><a href=\"https:\/\/www.paucostafoundation.org\/ca\/pirocumuls-i-pirocumulonimbus-els-nuvols-dels-incendis-forestals\/\" target=\"_self\"  ><img loading=\"lazy\" decoding=\"async\" width=\"2560\" height=\"853\" src=\"https:\/\/www.paucostafoundation.org\/wp-content\/uploads\/2024\/10\/PIROCUMULUS_header_web-17-scaled.jpg\" class=\"attachment-post-thumbnail size-post-thumbnail wp-post-image\" alt=\"Piroc\u00famuls i Pirocumulonimbus: els n\u00favols dels incendis forestals\" style=\"object-fit:cover;\" srcset=\"https:\/\/www.paucostafoundation.org\/wp-content\/uploads\/2024\/10\/PIROCUMULUS_header_web-17-scaled.jpg 2560w, https:\/\/www.paucostafoundation.org\/wp-content\/uploads\/2024\/10\/PIROCUMULUS_header_web-17-300x100.jpg 300w, https:\/\/www.paucostafoundation.org\/wp-content\/uploads\/2024\/10\/PIROCUMULUS_header_web-17-1024x341.jpg 1024w, https:\/\/www.paucostafoundation.org\/wp-content\/uploads\/2024\/10\/PIROCUMULUS_header_web-17-768x256.jpg 768w, https:\/\/www.paucostafoundation.org\/wp-content\/uploads\/2024\/10\/PIROCUMULUS_header_web-17-1536x512.jpg 1536w, https:\/\/www.paucostafoundation.org\/wp-content\/uploads\/2024\/10\/PIROCUMULUS_header_web-17-2048x683.jpg 2048w, https:\/\/www.paucostafoundation.org\/wp-content\/uploads\/2024\/10\/PIROCUMULUS_header_web-17-600x200.jpg 600w\" sizes=\"(max-width: 2560px) 100vw, 2560px\" \/><\/a><\/figure><\/div>\n\n\n\n<div class=\"wp-block-column is-layout-flow wp-block-column-is-layout-flow\" style=\"flex-basis:33.33%\"><h2 class=\"wp-block-post-title\"><a href=\"https:\/\/www.paucostafoundation.org\/ca\/pirocumuls-i-pirocumulonimbus-els-nuvols-dels-incendis-forestals\/\" target=\"_self\" >Piroc\u00famuls i Pirocumulonimbus: els n\u00favols dels incendis forestals<\/a><\/h2>\n\n<div class=\"wp-block-post-excerpt\"><p class=\"wp-block-post-excerpt__excerpt\">Com ja \u00e9s ben sabut la meteorologia pot augmentar el risc d\u2019incendis forestals i dificultar-ne la seva extinci\u00f3. Per\u00f2 la relaci\u00f3 entre el foc i la meteorologia va m\u00e9s enll\u00e0: a vegades s\u00f3n els incendis mateixos els que poden generar els seus propis fen\u00f2mens meteorol\u00f2gics com els anomenats piroc\u00famuls i pirocumulonimbus, Aquests s\u00f3n n\u00favols originats&hellip; <\/p><\/div><\/div>\n<\/div>\n\n<\/li><li class=\"wp-block-post post-16925 post type-post status-publish format-standard has-post-thumbnail hentry category-articles-divulgatius category-blog-ca\">\n\n<div class=\"wp-block-columns alignwide is-layout-flex wp-container-core-columns-is-layout-6 wp-block-columns-is-layout-flex\">\n<div class=\"wp-block-column is-layout-flow wp-block-column-is-layout-flow\" style=\"flex-basis:66.66%\"><figure class=\"wp-block-post-featured-image\"><a href=\"https:\/\/www.paucostafoundation.org\/ca\/com-es-gestiona-una-emergencia-per-incendi-forestal-i-quins-actors-hi-estan-implicats\/\" target=\"_self\"  ><img loading=\"lazy\" decoding=\"async\" width=\"2560\" height=\"853\" src=\"https:\/\/www.paucostafoundation.org\/wp-content\/uploads\/2024\/07\/HEADER-WEB-INCENDI-I-BOMBERS-scaled.jpg\" class=\"attachment-post-thumbnail size-post-thumbnail wp-post-image\" alt=\"Com es gestiona una emerg\u00e8ncia per incendi forestal i quins actors hi estan implicats?\" style=\"object-fit:cover;\" srcset=\"https:\/\/www.paucostafoundation.org\/wp-content\/uploads\/2024\/07\/HEADER-WEB-INCENDI-I-BOMBERS-scaled.jpg 2560w, https:\/\/www.paucostafoundation.org\/wp-content\/uploads\/2024\/07\/HEADER-WEB-INCENDI-I-BOMBERS-300x100.jpg 300w, https:\/\/www.paucostafoundation.org\/wp-content\/uploads\/2024\/07\/HEADER-WEB-INCENDI-I-BOMBERS-1024x341.jpg 1024w, https:\/\/www.paucostafoundation.org\/wp-content\/uploads\/2024\/07\/HEADER-WEB-INCENDI-I-BOMBERS-768x256.jpg 768w, https:\/\/www.paucostafoundation.org\/wp-content\/uploads\/2024\/07\/HEADER-WEB-INCENDI-I-BOMBERS-1536x512.jpg 1536w, https:\/\/www.paucostafoundation.org\/wp-content\/uploads\/2024\/07\/HEADER-WEB-INCENDI-I-BOMBERS-2048x683.jpg 2048w, https:\/\/www.paucostafoundation.org\/wp-content\/uploads\/2024\/07\/HEADER-WEB-INCENDI-I-BOMBERS-600x200.jpg 600w\" sizes=\"(max-width: 2560px) 100vw, 2560px\" \/><\/a><\/figure><\/div>\n\n\n\n<div class=\"wp-block-column is-layout-flow wp-block-column-is-layout-flow\" style=\"flex-basis:33.33%\"><h2 class=\"wp-block-post-title\"><a href=\"https:\/\/www.paucostafoundation.org\/ca\/com-es-gestiona-una-emergencia-per-incendi-forestal-i-quins-actors-hi-estan-implicats\/\" target=\"_self\" >Com es gestiona una emerg\u00e8ncia per incendi forestal i quins actors hi estan implicats?<\/a><\/h2>\n\n<div class=\"wp-block-post-excerpt\"><p class=\"wp-block-post-excerpt__excerpt\">A l\u2019\u00e0mbit mediterrani, l\u2019estiu \u00e9s una \u00e8poca amb un major risc d\u2019incendis forestals. Les elevades temperatures, les onades de calor i els vents c\u00e0lids fan que la vegetaci\u00f3 s\u2019assequi i pugui cremar f\u00e0cilment posant en alguns casos, a les persones i els seus b\u00e9ns en perill. Per aix\u00f2 \u00e9s necessari que els equips d\u2019extinci\u00f3 estiguin&hellip; <\/p><\/div><\/div>\n<\/div>\n\n<\/li><li class=\"wp-block-post post-16737 post type-post status-publish format-standard has-post-thumbnail hentry category-articles-divulgatius category-blog-ca\">\n\n<div class=\"wp-block-columns alignwide is-layout-flex wp-container-core-columns-is-layout-7 wp-block-columns-is-layout-flex\">\n<div class=\"wp-block-column is-layout-flow wp-block-column-is-layout-flow\" style=\"flex-basis:66.66%\"><figure class=\"wp-block-post-featured-image\"><a href=\"https:\/\/www.paucostafoundation.org\/ca\/quina-relacio-tenen-el-grans-incendis-forestals-amb-el-canvi-climatic\/\" target=\"_self\"  ><img loading=\"lazy\" decoding=\"async\" width=\"2560\" height=\"854\" src=\"https:\/\/www.paucostafoundation.org\/wp-content\/uploads\/2024\/05\/Sense-titol-2560-x-854-px-1.jpg\" class=\"attachment-post-thumbnail size-post-thumbnail wp-post-image\" alt=\"Quina relaci\u00f3 tenen els grans incendis forestals amb el canvi clim\u00e0tic?\" style=\"object-fit:cover;\" srcset=\"https:\/\/www.paucostafoundation.org\/wp-content\/uploads\/2024\/05\/Sense-titol-2560-x-854-px-1.jpg 2560w, https:\/\/www.paucostafoundation.org\/wp-content\/uploads\/2024\/05\/Sense-titol-2560-x-854-px-1-300x100.jpg 300w, https:\/\/www.paucostafoundation.org\/wp-content\/uploads\/2024\/05\/Sense-titol-2560-x-854-px-1-1024x342.jpg 1024w, https:\/\/www.paucostafoundation.org\/wp-content\/uploads\/2024\/05\/Sense-titol-2560-x-854-px-1-768x256.jpg 768w, https:\/\/www.paucostafoundation.org\/wp-content\/uploads\/2024\/05\/Sense-titol-2560-x-854-px-1-1536x512.jpg 1536w, https:\/\/www.paucostafoundation.org\/wp-content\/uploads\/2024\/05\/Sense-titol-2560-x-854-px-1-2048x683.jpg 2048w, https:\/\/www.paucostafoundation.org\/wp-content\/uploads\/2024\/05\/Sense-titol-2560-x-854-px-1-600x200.jpg 600w\" sizes=\"(max-width: 2560px) 100vw, 2560px\" \/><\/a><\/figure><\/div>\n\n\n\n<div class=\"wp-block-column is-layout-flow wp-block-column-is-layout-flow\" style=\"flex-basis:33.33%\"><h2 class=\"wp-block-post-title\"><a href=\"https:\/\/www.paucostafoundation.org\/ca\/quina-relacio-tenen-el-grans-incendis-forestals-amb-el-canvi-climatic\/\" target=\"_self\" >Quina relaci\u00f3 tenen els grans incendis forestals amb el canvi clim\u00e0tic?<\/a><\/h2>\n\n<div class=\"wp-block-post-excerpt\"><p class=\"wp-block-post-excerpt__excerpt\">Els \u00faltims grans incendis forestals a Portugal (2017), Calif\u00f2rnia (2018), Tenerife (2023) i Xile (2024), entre d&#8217;altres, amb milers d\u2019hect\u00e0rees cremades han tingut lloc durant per\u00edodes llargs de sequera i elevades temperatures. Aix\u00f2 pot portar a pensar que aquests incendis han succe\u00eft a causa dels efectes del canvi clim\u00e0tic. Per\u00f2 \u00e9s aix\u00ed? Quina relaci\u00f3 tenen&hellip; <\/p><\/div><\/div>\n<\/div>\n\n<\/li><\/ul><\/div>\n","protected":false},"excerpt":{"rendered":"<p>En aquest espai trobar\u00e0s articles que apropen el coneixement cient\u00edfic i t\u00e8cnic sobre els incendis forestals i la gesti\u00f3 del risc d&#8217;incendi i la conservaci\u00f3 del paisatge. Els continguts estan pensats per facilitar la comprensi\u00f3 de processos complexos i contribuir a una millor connexi\u00f3 entra el coneixement i la societat.<\/p>\n","protected":false},"author":1007,"featured_media":24684,"parent":0,"menu_order":0,"comment_status":"closed","ping_status":"closed","template":"","meta":{"_acf_changed":false,"give_campaign_id":0,"footnotes":"","_members_access_role":[],"_members_access_error":""},"class_list":["post-24701","page","type-page","status-publish","has-post-thumbnail","hentry"],"acf":[],"yoast_head":"<!-- This site is optimized with the Yoast SEO plugin v26.3 - https:\/\/yoast.com\/wordpress\/plugins\/seo\/ -->\n<title>Divulgaci\u00f3<\/title>\n<meta name=\"robots\" content=\"index, follow, max-snippet:-1, max-image-preview:large, max-video-preview:-1\" \/>\n<link rel=\"canonical\" href=\"https:\/\/www.paucostafoundation.org\/ca\/divulgacio\/\" \/>\n<meta property=\"og:locale\" content=\"ca_ES\" \/>\n<meta property=\"og:type\" content=\"article\" \/>\n<meta property=\"og:title\" content=\"Divulgaci\u00f3\" \/>\n<meta property=\"og:description\" content=\"En aquest espai trobar\u00e0s articles que apropen el coneixement cient\u00edfic i t\u00e8cnic sobre els incendis forestals i la gesti\u00f3 del risc d&#8217;incendi i la conservaci\u00f3 del paisatge. Els continguts estan pensats per facilitar la comprensi\u00f3 de processos complexos i contribuir a una millor connexi\u00f3 entra el coneixement i la societat.\" \/>\n<meta property=\"og:url\" content=\"https:\/\/www.paucostafoundation.org\/ca\/divulgacio\/\" \/>\n<meta property=\"og:site_name\" content=\"Pau Costa Foundation\" \/>\n<meta property=\"article:modified_time\" content=\"2026-09-02T10:33:32+00:00\" \/>\n<meta property=\"og:image\" content=\"https:\/\/www.paucostafoundation.org\/wp-content\/uploads\/2026\/06\/A77F0ADB-A8E0-4411-8631-C653C35FCC5A_1_105_c-1.jpeg\" \/>\n\t<meta property=\"og:image:width\" content=\"1024\" \/>\n\t<meta property=\"og:image:height\" content=\"768\" \/>\n\t<meta property=\"og:image:type\" content=\"image\/jpeg\" \/>\n<meta name=\"twitter:card\" content=\"summary_large_image\" \/>\n<meta name=\"twitter:label1\" content=\"Temps estimat de lectura\" \/>\n\t<meta name=\"twitter:data1\" content=\"1 minut\" \/>\n<script type=\"application\/ld+json\" class=\"yoast-schema-graph\">{\"@context\":\"https:\/\/schema.org\",\"@graph\":[{\"@type\":\"WebPage\",\"@id\":\"https:\/\/www.paucostafoundation.org\/ca\/divulgacio\/\",\"url\":\"https:\/\/www.paucostafoundation.org\/ca\/divulgacio\/\",\"name\":\"Divulgaci\u00f3\",\"isPartOf\":{\"@id\":\"https:\/\/www.paucostafoundation.org\/ca\/#website\"},\"primaryImageOfPage\":{\"@id\":\"https:\/\/www.paucostafoundation.org\/ca\/divulgacio\/#primaryimage\"},\"image\":{\"@id\":\"https:\/\/www.paucostafoundation.org\/ca\/divulgacio\/#primaryimage\"},\"thumbnailUrl\":\"https:\/\/www.paucostafoundation.org\/wp-content\/uploads\/2026\/06\/A77F0ADB-A8E0-4411-8631-C653C35FCC5A_1_105_c-1.jpeg\",\"datePublished\":\"2026-09-01T09:49:32+00:00\",\"dateModified\":\"2026-09-02T10:33:32+00:00\",\"breadcrumb\":{\"@id\":\"https:\/\/www.paucostafoundation.org\/ca\/divulgacio\/#breadcrumb\"},\"inLanguage\":\"ca\",\"potentialAction\":[{\"@type\":\"ReadAction\",\"target\":[\"https:\/\/www.paucostafoundation.org\/ca\/divulgacio\/\"]}]},{\"@type\":\"ImageObject\",\"inLanguage\":\"ca\",\"@id\":\"https:\/\/www.paucostafoundation.org\/ca\/divulgacio\/#primaryimage\",\"url\":\"https:\/\/www.paucostafoundation.org\/wp-content\/uploads\/2026\/06\/A77F0ADB-A8E0-4411-8631-C653C35FCC5A_1_105_c-1.jpeg\",\"contentUrl\":\"https:\/\/www.paucostafoundation.org\/wp-content\/uploads\/2026\/06\/A77F0ADB-A8E0-4411-8631-C653C35FCC5A_1_105_c-1.jpeg\",\"width\":1024,\"height\":768},{\"@type\":\"BreadcrumbList\",\"@id\":\"https:\/\/www.paucostafoundation.org\/ca\/divulgacio\/#breadcrumb\",\"itemListElement\":[{\"@type\":\"ListItem\",\"position\":1,\"name\":\"Inicio\",\"item\":\"https:\/\/www.paucostafoundation.org\/ca\/\"},{\"@type\":\"ListItem\",\"position\":2,\"name\":\"Divulgaci\u00f3\"}]},{\"@type\":\"WebSite\",\"@id\":\"https:\/\/www.paucostafoundation.org\/ca\/#website\",\"url\":\"https:\/\/www.paucostafoundation.org\/ca\/\",\"name\":\"Pau Costa Foundation\",\"description\":\"CONCIENCIA E INVESTIGA LOS INCENDIOS FORESTALES\",\"publisher\":{\"@id\":\"https:\/\/www.paucostafoundation.org\/ca\/#organization\"},\"potentialAction\":[{\"@type\":\"SearchAction\",\"target\":{\"@type\":\"EntryPoint\",\"urlTemplate\":\"https:\/\/www.paucostafoundation.org\/ca\/?s={search_term_string}\"},\"query-input\":{\"@type\":\"PropertyValueSpecification\",\"valueRequired\":true,\"valueName\":\"search_term_string\"}}],\"inLanguage\":\"ca\"},{\"@type\":\"Organization\",\"@id\":\"https:\/\/www.paucostafoundation.org\/ca\/#organization\",\"name\":\"Pau Costa Foundation\",\"url\":\"https:\/\/www.paucostafoundation.org\/ca\/\",\"logo\":{\"@type\":\"ImageObject\",\"inLanguage\":\"ca\",\"@id\":\"https:\/\/www.paucostafoundation.org\/ca\/#\/schema\/logo\/image\/\",\"url\":\"https:\/\/paucostafoundation.digitalnature.es\/wp-content\/uploads\/2021\/06\/logo.png\",\"contentUrl\":\"https:\/\/paucostafoundation.digitalnature.es\/wp-content\/uploads\/2021\/06\/logo.png\",\"width\":873,\"height\":358,\"caption\":\"Pau Costa Foundation\"},\"image\":{\"@id\":\"https:\/\/www.paucostafoundation.org\/ca\/#\/schema\/logo\/image\/\"}}]}<\/script>\n<!-- \/ Yoast SEO plugin. -->","yoast_head_json":{"title":"Divulgaci\u00f3","robots":{"index":"index","follow":"follow","max-snippet":"max-snippet:-1","max-image-preview":"max-image-preview:large","max-video-preview":"max-video-preview:-1"},"canonical":"https:\/\/www.paucostafoundation.org\/ca\/divulgacio\/","og_locale":"ca_ES","og_type":"article","og_title":"Divulgaci\u00f3","og_description":"En aquest espai trobar\u00e0s articles que apropen el coneixement cient\u00edfic i t\u00e8cnic sobre els incendis forestals i la gesti\u00f3 del risc d&#8217;incendi i la conservaci\u00f3 del paisatge. Els continguts estan pensats per facilitar la comprensi\u00f3 de processos complexos i contribuir a una millor connexi\u00f3 entra el coneixement i la societat.","og_url":"https:\/\/www.paucostafoundation.org\/ca\/divulgacio\/","og_site_name":"Pau Costa Foundation","article_modified_time":"2026-09-02T10:33:32+00:00","og_image":[{"width":1024,"height":768,"url":"https:\/\/www.paucostafoundation.org\/wp-content\/uploads\/2026\/06\/A77F0ADB-A8E0-4411-8631-C653C35FCC5A_1_105_c-1.jpeg","type":"image\/jpeg"}],"twitter_card":"summary_large_image","twitter_misc":{"Temps estimat de lectura":"1 minut"},"schema":{"@context":"https:\/\/schema.org","@graph":[{"@type":"WebPage","@id":"https:\/\/www.paucostafoundation.org\/ca\/divulgacio\/","url":"https:\/\/www.paucostafoundation.org\/ca\/divulgacio\/","name":"Divulgaci\u00f3","isPartOf":{"@id":"https:\/\/www.paucostafoundation.org\/ca\/#website"},"primaryImageOfPage":{"@id":"https:\/\/www.paucostafoundation.org\/ca\/divulgacio\/#primaryimage"},"image":{"@id":"https:\/\/www.paucostafoundation.org\/ca\/divulgacio\/#primaryimage"},"thumbnailUrl":"https:\/\/www.paucostafoundation.org\/wp-content\/uploads\/2026\/06\/A77F0ADB-A8E0-4411-8631-C653C35FCC5A_1_105_c-1.jpeg","datePublished":"2026-09-01T09:49:32+00:00","dateModified":"2026-09-02T10:33:32+00:00","breadcrumb":{"@id":"https:\/\/www.paucostafoundation.org\/ca\/divulgacio\/#breadcrumb"},"inLanguage":"ca","potentialAction":[{"@type":"ReadAction","target":["https:\/\/www.paucostafoundation.org\/ca\/divulgacio\/"]}]},{"@type":"ImageObject","inLanguage":"ca","@id":"https:\/\/www.paucostafoundation.org\/ca\/divulgacio\/#primaryimage","url":"https:\/\/www.paucostafoundation.org\/wp-content\/uploads\/2026\/06\/A77F0ADB-A8E0-4411-8631-C653C35FCC5A_1_105_c-1.jpeg","contentUrl":"https:\/\/www.paucostafoundation.org\/wp-content\/uploads\/2026\/06\/A77F0ADB-A8E0-4411-8631-C653C35FCC5A_1_105_c-1.jpeg","width":1024,"height":768},{"@type":"BreadcrumbList","@id":"https:\/\/www.paucostafoundation.org\/ca\/divulgacio\/#breadcrumb","itemListElement":[{"@type":"ListItem","position":1,"name":"Inicio","item":"https:\/\/www.paucostafoundation.org\/ca\/"},{"@type":"ListItem","position":2,"name":"Divulgaci\u00f3"}]},{"@type":"WebSite","@id":"https:\/\/www.paucostafoundation.org\/ca\/#website","url":"https:\/\/www.paucostafoundation.org\/ca\/","name":"Pau Costa Foundation","description":"CONCIENCIA E INVESTIGA LOS INCENDIOS FORESTALES","publisher":{"@id":"https:\/\/www.paucostafoundation.org\/ca\/#organization"},"potentialAction":[{"@type":"SearchAction","target":{"@type":"EntryPoint","urlTemplate":"https:\/\/www.paucostafoundation.org\/ca\/?s={search_term_string}"},"query-input":{"@type":"PropertyValueSpecification","valueRequired":true,"valueName":"search_term_string"}}],"inLanguage":"ca"},{"@type":"Organization","@id":"https:\/\/www.paucostafoundation.org\/ca\/#organization","name":"Pau Costa Foundation","url":"https:\/\/www.paucostafoundation.org\/ca\/","logo":{"@type":"ImageObject","inLanguage":"ca","@id":"https:\/\/www.paucostafoundation.org\/ca\/#\/schema\/logo\/image\/","url":"https:\/\/paucostafoundation.digitalnature.es\/wp-content\/uploads\/2021\/06\/logo.png","contentUrl":"https:\/\/paucostafoundation.digitalnature.es\/wp-content\/uploads\/2021\/06\/logo.png","width":873,"height":358,"caption":"Pau Costa Foundation"},"image":{"@id":"https:\/\/www.paucostafoundation.org\/ca\/#\/schema\/logo\/image\/"}}]}},"campaignId":"","_links":{"self":[{"href":"https:\/\/www.paucostafoundation.org\/ca\/wp-json\/wp\/v2\/pages\/24701","targetHints":{"allow":["GET"]}}],"collection":[{"href":"https:\/\/www.paucostafoundation.org\/ca\/wp-json\/wp\/v2\/pages"}],"about":[{"href":"https:\/\/www.paucostafoundation.org\/ca\/wp-json\/wp\/v2\/types\/page"}],"author":[{"embeddable":true,"href":"https:\/\/www.paucostafoundation.org\/ca\/wp-json\/wp\/v2\/users\/1007"}],"replies":[{"embeddable":true,"href":"https:\/\/www.paucostafoundation.org\/ca\/wp-json\/wp\/v2\/comments?post=24701"}],"version-history":[{"count":13,"href":"https:\/\/www.paucostafoundation.org\/ca\/wp-json\/wp\/v2\/pages\/24701\/revisions"}],"predecessor-version":[{"id":25355,"href":"https:\/\/www.paucostafoundation.org\/ca\/wp-json\/wp\/v2\/pages\/24701\/revisions\/25355"}],"wp:featuredmedia":[{"embeddable":true,"href":"https:\/\/www.paucostafoundation.org\/ca\/wp-json\/wp\/v2\/media\/24684"}],"wp:attachment":[{"href":"https:\/\/www.paucostafoundation.org\/ca\/wp-json\/wp\/v2\/media?parent=24701"}],"curies":[{"name":"wp","href":"https:\/\/api.w.org\/{rel}","templated":true}]}}